{"id":299,"date":"2025-09-11T11:52:18","date_gmt":"2025-09-11T09:52:18","guid":{"rendered":"https:\/\/www.ikmweiden.de\/startseite\/"},"modified":"2026-03-26T15:13:25","modified_gmt":"2026-03-26T14:13:25","slug":"startseite","status":"publish","type":"page","link":"https:\/\/www.ikmweiden.de\/ls\/","title":{"rendered":"Internationales Keramik-Museum Weiden"},"content":{"rendered":"<section class='wp-block-ho-pattern ' data-pattern='ho\/header-startseite'>\n\n<div  class='header-home'><figure itemscope itemtype=\"http:\/\/schema.org\/ImageObject\" class=\"lazy-media-inline \" role=\"group\" aria-describedby=\"media_yss2VF\">\n<script type=\"application\/json\">{\n\"id\" : 1261,\n\"sizes\" : {\"medium\":{\"file\":\"IKM_Aussenansicht_beschnitten-e1762262789760-300x167.jpg\",\"width\":300,\"height\":167,\"mime-type\":\"image\\\/jpeg\",\"filesize\":15584},\"large\":{\"file\":\"IKM_Aussenansicht_beschnitten-e1762262789760-1024x570.jpg\",\"width\":1024,\"height\":570,\"mime-type\":\"image\\\/jpeg\",\"filesize\":154777},\"medium_large\":{\"file\":\"IKM_Aussenansicht_beschnitten-e1762262789760-768x428.jpg\",\"width\":768,\"height\":428,\"mime-type\":\"image\\\/jpeg\",\"filesize\":89424},\"1536x1536\":{\"file\":\"IKM_Aussenansicht_beschnitten-e1762262789760-1536x855.jpg\",\"width\":1536,\"height\":855,\"mime-type\":\"image\\\/jpeg\",\"filesize\":321944},\"small\":{\"file\":\"IKM_Aussenansicht_beschnitten-e1762262789760-440x245.jpg\",\"width\":440,\"height\":245,\"mime-type\":\"image\\\/jpeg\",\"filesize\":31369},\"semi\":{\"file\":\"IKM_Aussenansicht_beschnitten-e1762262789760-580x323.jpg\",\"width\":580,\"height\":323,\"mime-type\":\"image\\\/jpeg\",\"filesize\":52611},\"mobile\":{\"file\":\"IKM_Aussenansicht_beschnitten-e1762262789760-720x401.jpg\",\"width\":720,\"height\":401,\"mime-type\":\"image\\\/jpeg\",\"filesize\":79209},\"hd\":{\"file\":\"IKM_Aussenansicht_beschnitten-e1762262789760-1280x713.jpg\",\"width\":1280,\"height\":713,\"mime-type\":\"image\\\/jpeg\",\"filesize\":233040},\"original\":{\"file\":\"IKM_Aussenansicht_beschnitten-e1762262789760.jpg\",\"width\":1818,\"height\":1012}},\n\"alt\" : \"Au\\u00dfenansicht des IKM Weiden\",\n\"path\" : \"\\\/wp-content\\\/uploads\\\/2025\\\/11\\\/\",\n\"video\" : null,\n\"autoplay\" : null,\n\"youtube\" : null,\n\"youtubelabel\" : \"play\",\n\"brightness\" : 100,\n\"crop\" : {\"x\":0.5,\"y\":0.5},\n\"background\" : true,\n\"scale\" : 1,\n\"zoom\" : false,\n\"annotations\" : null}<\/script>\n<div class=\"height-container \" style=\"padding-bottom:34.63%;   \">\n\t<div class=\"height-container-contents lazy-media-contents\">\n\t\n\t<div class=\"lazy-media-preview\" style=\"background-image: url('data:image\/jpeg;base64,\/9j\/4AAQSkZJRgABAQEAYABgAAD\/\/gA7Q1JFQVRPUjogZ2QtanBlZyB2MS4wICh1c2luZyBJSkcgSlBFRyB2NjIpLCBxdWFsaXR5ID0gOTAK\/9sAQwADAgIDAgIDAwMDBAMDBAUIBQUEBAUKBwcGCAwKDAwLCgsLDQ4SEA0OEQ4LCxAWEBETFBUVFQwPFxgWFBgSFBUU\/9sAQwEDBAQFBAUJBQUJFA0LDRQUFBQUFBQUFBQUFBQUFBQUFBQUFBQUFBQUFBQUFBQUFBQUFBQUFBQUFBQUFBQUFBQU\/8AAEQgADQAYAwEiAAIRAQMRAf\/EAB8AAAEFAQEBAQEBAAAAAAAAAAABAgMEBQYHCAkKC\/\/EALUQAAIBAwMCBAMFBQQEAAABfQECAwAEEQUSITFBBhNRYQcicRQygZGhCCNCscEVUtHwJDNicoIJChYXGBkaJSYnKCkqNDU2Nzg5OkNERUZHSElKU1RVVldYWVpjZGVmZ2hpanN0dXZ3eHl6g4SFhoeIiYqSk5SVlpeYmZqio6Slpqeoqaqys7S1tre4ubrCw8TFxsfIycrS09TV1tfY2drh4uPk5ebn6Onq8fLz9PX29\/j5+v\/EAB8BAAMBAQEBAQEBAQEAAAAAAAABAgMEBQYHCAkKC\/\/EALURAAIBAgQEAwQHBQQEAAECdwABAgMRBAUhMQYSQVEHYXETIjKBCBRCkaGxwQkjM1LwFWJy0QoWJDThJfEXGBkaJicoKSo1Njc4OTpDREVGR0hJSlNUVVZXWFlaY2RlZmdoaWpzdHV2d3h5eoKDhIWGh4iJipKTlJWWl5iZmqKjpKWmp6ipqrKztLW2t7i5usLDxMXGx8jJytLT1NXW19jZ2uLj5OXm5+jp6vLz9PX29\/j5+v\/aAAwDAQACEQMRAD8A9n1T4xpc+MU0ywg+36Z5YkWIJjPvWjceNvEXjG8fSNN021trKH5nbGAcj+dfLtglzPfpcLf3UUyqVV0kwVB7VpJ4h8VaJcSy2PiOWJmxndCG4\/OumVXFpe9LrfRkwjSTuo\/efSFlrWufDm0hfURb3kUs5QqifvFX1BorwvTvFniPU4HfV9YbUlzuVfKEYU+vGaKunVrcvvO\/rqJwh0R\/\/9k='); background-position: 50% 50%; height: 100%; width: 100%;\"><\/div>\n\n\t\t<lazy-media-inline inline-template>\n\t\t<div>\n\t\t\t<lazy-media :inline=\"true\" :alt=\"alt\" :sizes=\"sizes\" :scale=\"scale\" :zoom=\"zoom\" :brightness=\"brightness\" :path=\"path\" :video=\"video\" :autoplay=\"autoplay\" :youtube=\"youtube\" :crop=\"crop\" :youtubelabel=\"youtubelabel\" :annotations=\"annotations\" :background=\"background\" v-if=\"sizes\"><\/lazy-media>\n\t\t<\/div>\n\t<\/lazy-media-inline>\n\t\t\t<\/div>\n<\/div>\n\n\n\n\n\n\n<\/figure>\n\n\t\t<\/div>\n\n\n<div  class='margin-bottom-4'>\n\n<div  class='container-fluid'>\n\n<div  class='row'>\n\n<div  class='col col-xs-12 padding-top-4'><div class=\"wp-block-ho-slot \">\n<div class=\"accessibility-menu\">\n\t<div class=\"wp-block-ho-buttons\">\n\t\t\t\t<div class=\"wp-block-ho-buttons-item\">\n\t\t\t<a href=\"https:\/\/www.ikmweiden.de\/\" class=\"ho-button is-senary button-no-hover icon-with-text-outside-left is-small  invert\" aria-label=\"Leichte Sprache deaktivieren\" rel=\"alternate\">\n\t\t\t\t<span class=\"ho-button-icon icon-leichtesprache\" aria-hidden=\"true\"><\/span>\n\t\t\t\t<span class=\"ho-button-label\">Leichte Sprache deaktivieren<\/span>\n\t\t\t<\/a>\n\t\t<\/div>\n\t\t\n\t\t\n\n\t\t\t<\/div>\n<\/div>\n\n<\/div>\n<\/div>\n\n\n\n\n<div  class='col col-xs-12 padding-top-4'><h1 class=body-large-bold>Das Keramik-Museum Weiden zeigt Keramik aus 7000 Jahren. Von sehr alten Kunstwerken bis zu neuer Keramik von heute.\n6 gro\u00dfe Museen aus Bayern arbeiten hier zusammen. <\/h1><\/div>\n<\/div>\n<\/div>\n<\/div>\n<\/section>\n\n<section class='wp-block-ho-pattern ' data-pattern='ho\/text-mit-button'>\n\n<div  class='container-fluid margin-bottom-7'>\n\n<div  class='row padding-bottom-4'>\n\n<div  class='col col-xs-12 col-md-8'>\t<p class='body'>Alle Informationen in leichter Sprache zur Website finden sie hier. <\/p>\n<\/div>\n<\/div>\n\n\n\n\n<div  class='row'>\n\n<div  class='col col-xs-12 col-md-8'>\n\n<div  class='wp-block-ho-buttons wp-block-ho-buttons'>\n<div class=\"wp-block-ho-buttons-item\">\n\t<a href=\"https:\/\/www.ikmweiden.de\/ls\/informationen-in-leicht-verstaendlicher-sprache\/\"  target=\"\" role=\"button\" aria-pressed=\"false\" rel=\"nofollow\" class=\"ho-button is-primary has-outgoing-link-icon-left\">\n\t\t\t\t\t<span class=\"ho-button-icon icon-arrow-link\"><\/span>\n\t\t\t\t<span class=\"ho-button-label \">Zu den Informationen in leichter Sprache<\/span>\n\t<\/a>\n<\/div>\n<\/div>\n<\/div>\n<\/div>\n<\/div>\n<\/section>\n\n<section class='wp-block-ho-pattern toggle-optional-headline show-optional-headline toggle-optional-button show-optional-button' data-pattern='ho\/infos-zum-besuch-home'>\n\n<div  class='container-fluid margin-bottom-7'>\n\n<div  class='row padding-bottom-2'>\n\n<div  class='col col-xs-12 padding-bottom-3'>\n\n<div  class='line-light-grey'><\/div>\n<\/div>\n\n\n\n\n<div  class='col col-xs-12 col-md-8'>\n<h3 class='h3' style=\"white-space: normal;\">Wo?<\/h3>\n<\/div>\n<\/div>\n\n\n\n\n<div  class='row padding-bottom-4'>\n\n<div  class='col col-xs-12 padding-bottom-3 col-md-12'><ul class=\"wp-block wp-block-ho-grid row grid-infos-zum-besuch\">\n\t<li class=\"wp-block-ho-grid-item \">\n\t\t<p class='body'>Luitpoldstrasse 25, 92637 Weiden i.d.OPf.<\/p>\n<\/li><li class=\"wp-block-ho-grid-item \">\n\t\t<p class='body'><strong><a href=\"https:\/\/maps.app.goo.gl\/gD8PK9oFS4G8pvNc9\" data-type=\"link\" data-id=\"https:\/\/maps.app.goo.gl\/RMFzgDmLxkoorbNf9\" target=\"_blank\" rel=\"noreferrer noopener\">Auf Google Maps zeigen<\/a><\/strong><\/p>\n<\/li><\/ul><\/div>\n\n\n\n\n<div  class='col col-xs-12'>\n\n<div  class='line-light-grey'><\/div>\n<\/div>\n<\/div>\n\n\n\n\n<div  class='row padding-bottom-2'>\n\n<div  class='col col-xs-12 col-md-8'>\n<h3 class='h3' style=\"white-space: normal;\">Wann ist das Museum ge\u00f6ffnet?<\/h3>\n<\/div>\n<\/div>\n\n\n\n\n<div  class='row padding-bottom-4'>\n\n<div  class='col col-xs-12 padding-bottom-3 col-md-12'><ul class=\"wp-block wp-block-ho-grid row grid-infos-zum-besuch\">\n\t<li class=\"wp-block-ho-grid-item \">\n\t\t<p class='body'><strong>Dienstag <\/strong>\u2013<strong> Sonntag <\/strong>+<strong> Feiertage<\/strong> 11:00 \u2013 17:00 Uhr<br><br><strong>Wann ist das Museum geschlossen?<\/strong><br>Jeden Montag <br>Rosenmontag<br>Faschingsdienstag<br>Heiligabend<br>Weihnachtsfeiertag<br>Silvester<\/p>\n<\/li><li class=\"wp-block-ho-grid-item \">\n\t\t<p class='body'><br><\/p>\n<\/li><\/ul><\/div>\n\n\n\n\n<div  class='col col-xs-12 padding-bottom-3'>\n\n<div  class='line-light-grey'><\/div>\n<\/div>\n<\/div>\n\n\n\n\n<div  class='row ho-pattern-optional-button'>\n\n<div  class='col col-xs-12 col-md-8'>\n\n<div  class='wp-block-ho-buttons wp-block-ho-buttons'>\n<div class=\"wp-block-ho-buttons-item\">\n\t<a href=\"\"  target=\"\" role=\"button\" aria-pressed=\"false\" rel=\"nofollow\" class=\"ho-button is-tertiary has-outgoing-link-icon-left\">\n\t\t\t\t<span class=\"ho-button-label \">Ticket kaufen<\/span>\n\t<\/a>\n<\/div>\n\n\n\n<div class=\"wp-block-ho-buttons-item\">\n\t<a href=\"https:\/\/www.ikmweiden.de\/besuch-planen\/\"  target=\"\" role=\"button\" aria-pressed=\"false\" rel=\"nofollow\" class=\"ho-button is-primary has-outgoing-link-icon-left\">\n\t\t\t\t\t<span class=\"ho-button-icon icon-arrow-link\"><\/span>\n\t\t\t\t<span class=\"ho-button-label \">Besuch planen<\/span>\n\t<\/a>\n<\/div>\n<\/div>\n<\/div>\n<\/div>\n<\/div>\n<\/section>\n\n<section class='wp-block-ho-pattern ' data-pattern='ho\/teaser-ausstellungen-auf-rotem-hintergrund'>\n\n<div  class='margin-bottom-7'><div class=\"structure-content-color\" style=\"--content-color-foreground: #000000;--content-color-background: #D54451;color: #000000;background: #D54451;\">\n<div class='structure-content-color-content'>\n\n<div  class='padding-top-5 padding-bottom-5'>\n\n<div  class='container-fluid'>\n\n<div  class='row center-xs'>\n\n<div  class='col col-xs-12 col-md-12'>\n\n<div  class='margin-bottom-5 mobile-margin-bottom-4'>\n<h2 class='h2' style=\"white-space: normal;\">Ausstellungen<\/h2>\n<\/div>\n<\/div>\n<\/div>\n<\/div>\n\n\n\t\t<div class=\"web-view\">\n\t\t\t<div class=\"wp-block-ho-lane-wrapper\" data-orientation=\"horizontal\" data-lane-item-count=\"4\">\n\t\t\t<div class=\"container-fluid \">\n\t\t\t\t<ul class=\"wp-block wp-block-ho-grid row\">\n\t\t\t\t\t\n<li class=\"wp-block-ho-lane-item margin-bottom-5 col col-md-4 col-xs-11\"><a href=\"https:\/\/www.ikmweiden.de\/ausstellung\/keramiken-der-neuen-sammlung\/\" class=\"wp-block-ho-teaser teaser teaser-exhibition \">\n\t\n\n<div  class='margin-bottom-3 teaser-ausstellung-image'><div class=\"wp-block-ho-post-image \"><figure itemscope itemtype=\"http:\/\/schema.org\/ImageObject\" class=\"lazy-media-inline \" role=\"group\" aria-describedby=\"media_69f2bb7e02a3d\">\n<script type=\"application\/json\">{\n\"id\" : 1366,\n\"sizes\" : {\"medium\":{\"file\":\"2025-11-05_IKM-Weiden_NEUE-SAMMLUNG_LER6506-300x200.jpg\",\"width\":300,\"height\":200,\"mime-type\":\"image\\\/jpeg\",\"filesize\":12537},\"large\":{\"file\":\"2025-11-05_IKM-Weiden_NEUE-SAMMLUNG_LER6506-1024x683.jpg\",\"width\":1024,\"height\":683,\"mime-type\":\"image\\\/jpeg\",\"filesize\":84239},\"medium_large\":{\"file\":\"2025-11-05_IKM-Weiden_NEUE-SAMMLUNG_LER6506-768x512.jpg\",\"width\":768,\"height\":512,\"mime-type\":\"image\\\/jpeg\",\"filesize\":53033},\"1536x1536\":{\"file\":\"2025-11-05_IKM-Weiden_NEUE-SAMMLUNG_LER6506-1536x1024.jpg\",\"width\":1536,\"height\":1024,\"mime-type\":\"image\\\/jpeg\",\"filesize\":163397},\"2048x2048\":{\"file\":\"2025-11-05_IKM-Weiden_NEUE-SAMMLUNG_LER6506-2048x1365.jpg\",\"width\":2048,\"height\":1365,\"mime-type\":\"image\\\/jpeg\",\"filesize\":278413},\"small\":{\"file\":\"2025-11-05_IKM-Weiden_NEUE-SAMMLUNG_LER6506-440x293.jpg\",\"width\":440,\"height\":293,\"mime-type\":\"image\\\/jpeg\",\"filesize\":22658},\"semi\":{\"file\":\"2025-11-05_IKM-Weiden_NEUE-SAMMLUNG_LER6506-580x387.jpg\",\"width\":580,\"height\":387,\"mime-type\":\"image\\\/jpeg\",\"filesize\":35096},\"mobile\":{\"file\":\"2025-11-05_IKM-Weiden_NEUE-SAMMLUNG_LER6506-720x480.jpg\",\"width\":720,\"height\":480,\"mime-type\":\"image\\\/jpeg\",\"filesize\":48210},\"hd\":{\"file\":\"2025-11-05_IKM-Weiden_NEUE-SAMMLUNG_LER6506-1280x853.jpg\",\"width\":1280,\"height\":853,\"mime-type\":\"image\\\/jpeg\",\"filesize\":120658},\"full\":{\"file\":\"2025-11-05_IKM-Weiden_NEUE-SAMMLUNG_LER6506-1920x1280.jpg\",\"width\":1920,\"height\":1280,\"mime-type\":\"image\\\/jpeg\",\"filesize\":245804},\"xxl\":{\"file\":\"2025-11-05_IKM-Weiden_NEUE-SAMMLUNG_LER6506-4048x2699.jpg\",\"width\":4048,\"height\":2699,\"mime-type\":\"image\\\/jpeg\",\"filesize\":1082419},\"original\":{\"file\":\"2025-11-05_IKM-Weiden_NEUE-SAMMLUNG_LER6506.jpg\",\"width\":6000,\"height\":4000}},\n\"alt\" : \"Nahaufnahme einer kunstvollen Vase mit tiefen Linien und gl\\u00e4nzender Oberfl\\u00e4che in dunklen Farben.\",\n\"path\" : \"\\\/wp-content\\\/uploads\\\/2025\\\/09\\\/\",\n\"video\" : null,\n\"autoplay\" : null,\n\"youtube\" : null,\n\"youtubelabel\" : \"play\",\n\"brightness\" : 100,\n\"crop\" : {\"x\":0.5,\"y\":0.54},\n\"background\" : true,\n\"scale\" : 1,\n\"zoom\" : false,\n\"annotations\" : null}<\/script>\n<div class=\"height-container \" style=\"padding-bottom:115%;   \">\n\t<div class=\"height-container-contents lazy-media-contents\">\n\t\n\t<div class=\"lazy-media-preview\" style=\"background-image: url('data:image\/jpeg;base64,\/9j\/4AAQSkZJRgABAQEAYABgAAD\/\/gA7Q1JFQVRPUjogZ2QtanBlZyB2MS4wICh1c2luZyBJSkcgSlBFRyB2NjIpLCBxdWFsaXR5ID0gOTAK\/9sAQwADAgIDAgIDAwMDBAMDBAUIBQUEBAUKBwcGCAwKDAwLCgsLDQ4SEA0OEQ4LCxAWEBETFBUVFQwPFxgWFBgSFBUU\/9sAQwEDBAQFBAUJBQUJFA0LDRQUFBQUFBQUFBQUFBQUFBQUFBQUFBQUFBQUFBQUFBQUFBQUFBQUFBQUFBQUFBQUFBQU\/8AAEQgADwAYAwEiAAIRAQMRAf\/EAB8AAAEFAQEBAQEBAAAAAAAAAAABAgMEBQYHCAkKC\/\/EALUQAAIBAwMCBAMFBQQEAAABfQECAwAEEQUSITFBBhNRYQcicRQygZGhCCNCscEVUtHwJDNicoIJChYXGBkaJSYnKCkqNDU2Nzg5OkNERUZHSElKU1RVVldYWVpjZGVmZ2hpanN0dXZ3eHl6g4SFhoeIiYqSk5SVlpeYmZqio6Slpqeoqaqys7S1tre4ubrCw8TFxsfIycrS09TV1tfY2drh4uPk5ebn6Onq8fLz9PX29\/j5+v\/EAB8BAAMBAQEBAQEBAQEAAAAAAAABAgMEBQYHCAkKC\/\/EALURAAIBAgQEAwQHBQQEAAECdwABAgMRBAUhMQYSQVEHYXETIjKBCBRCkaGxwQkjM1LwFWJy0QoWJDThJfEXGBkaJicoKSo1Njc4OTpDREVGR0hJSlNUVVZXWFlaY2RlZmdoaWpzdHV2d3h5eoKDhIWGh4iJipKTlJWWl5iZmqKjpKWmp6ipqrKztLW2t7i5usLDxMXGx8jJytLT1NXW19jZ2uLj5OXm5+jp6vLz9PX29\/j5+v\/aAAwDAQACEQMRAD8A+BNN8O3GoK87DZbg43ep9qsvJe6L5kVsHt0JGSP4vxr1jwz4YW58IQTkhUXBYDvXCeK549Q1G6it8x2tvygPUD0r0X7miOe3NqznNK1ttI1MXdzaRX7HICXHIzRXOanclp1ZWOcZ\/GiudvU0Ssf\/2Q=='); background-position: 50% 54%; height: 100%; width: 100%;\"><\/div>\n\n\t\t<lazy-media-inline inline-template>\n\t\t<div>\n\t\t\t<lazy-media :inline=\"true\" :alt=\"alt\" :sizes=\"sizes\" :scale=\"scale\" :zoom=\"zoom\" :brightness=\"brightness\" :path=\"path\" :video=\"video\" :autoplay=\"autoplay\" :youtube=\"youtube\" :crop=\"crop\" :youtubelabel=\"youtubelabel\" :annotations=\"annotations\" :background=\"background\" v-if=\"sizes\"><\/lazy-media>\n\t\t<\/div>\n\t<\/lazy-media-inline>\n\t\t\t<\/div>\n<\/div>\n\n\n\n\n\n\n<\/figure>\n\n\t\t<\/div>\n\n\n<div class=\"wp-block-ho-slot \"><\/div>\n\n\n\n\n<div  class='teaser-exhibition-date-display'><div class=\"wp-block-ho-slot \">\t<span class=\"ho-tag is-tertiary is-small\">\n\t\t<span class=\"ho-tag-label\"><span class=\"sr-only\">Veranstaltungszeitraum: <\/span>Dauerhaft<\/span>\n\t<\/span>\n<\/div>\n<\/div>\n<\/div>\n\n\n<div  class='margin-bottom-2'><h3 class=\"teaser-headline-medium\">Keramiken der Neuen Sammlung<\/h3><\/div>\n<div class=\"wp-block-ho-slot \"><div class=\"wp-block-ho-div flex-align-center-left flex-align-wrap\">\n\t<div class=\"metadata\">Seit 12. Oktober 2025<\/div>\n\t<div class=\"metadata\"><\/div>\n\t<div class=\"metadata\"><\/div>\n<\/div>\n<\/div>\n<\/a><\/li>\n\n\n<li class=\"wp-block-ho-lane-item margin-bottom-5 col col-md-4 col-xs-11\"><a href=\"https:\/\/www.ikmweiden.de\/ausstellung\/historische-keramiken-aus-fuenf-bayerischen-staatsmuseen\/\" class=\"wp-block-ho-teaser teaser teaser-exhibition \">\n\t\n\n<div  class='margin-bottom-3 teaser-ausstellung-image'><div class=\"wp-block-ho-post-image \"><figure itemscope itemtype=\"http:\/\/schema.org\/ImageObject\" class=\"lazy-media-inline \" role=\"group\" aria-describedby=\"media_69f2bb7e0422a\">\n<script type=\"application\/json\">{\n\"id\" : 1503,\n\"sizes\" : {\"medium\":{\"file\":\"2025-11-05_IKM-Weiden_NEUE-SAMMLUNG_LER6940-1-300x200.jpg\",\"width\":300,\"height\":200,\"mime-type\":\"image\\\/jpeg\",\"filesize\":11045},\"large\":{\"file\":\"2025-11-05_IKM-Weiden_NEUE-SAMMLUNG_LER6940-1-1024x683.jpg\",\"width\":1024,\"height\":683,\"mime-type\":\"image\\\/jpeg\",\"filesize\":67176},\"medium_large\":{\"file\":\"2025-11-05_IKM-Weiden_NEUE-SAMMLUNG_LER6940-1-768x512.jpg\",\"width\":768,\"height\":512,\"mime-type\":\"image\\\/jpeg\",\"filesize\":42903},\"1536x1536\":{\"file\":\"2025-11-05_IKM-Weiden_NEUE-SAMMLUNG_LER6940-1-1536x1024.jpg\",\"width\":1536,\"height\":1024,\"mime-type\":\"image\\\/jpeg\",\"filesize\":134015},\"2048x2048\":{\"file\":\"2025-11-05_IKM-Weiden_NEUE-SAMMLUNG_LER6940-1-2048x1365.jpg\",\"width\":2048,\"height\":1365,\"mime-type\":\"image\\\/jpeg\",\"filesize\":236769},\"small\":{\"file\":\"2025-11-05_IKM-Weiden_NEUE-SAMMLUNG_LER6940-1-440x293.jpg\",\"width\":440,\"height\":293,\"mime-type\":\"image\\\/jpeg\",\"filesize\":19135},\"semi\":{\"file\":\"2025-11-05_IKM-Weiden_NEUE-SAMMLUNG_LER6940-1-580x387.jpg\",\"width\":580,\"height\":387,\"mime-type\":\"image\\\/jpeg\",\"filesize\":28746},\"mobile\":{\"file\":\"2025-11-05_IKM-Weiden_NEUE-SAMMLUNG_LER6940-1-720x480.jpg\",\"width\":720,\"height\":480,\"mime-type\":\"image\\\/jpeg\",\"filesize\":38991},\"hd\":{\"file\":\"2025-11-05_IKM-Weiden_NEUE-SAMMLUNG_LER6940-1-1280x853.jpg\",\"width\":1280,\"height\":853,\"mime-type\":\"image\\\/jpeg\",\"filesize\":97123},\"full\":{\"file\":\"2025-11-05_IKM-Weiden_NEUE-SAMMLUNG_LER6940-1-1920x1280.jpg\",\"width\":1920,\"height\":1280,\"mime-type\":\"image\\\/jpeg\",\"filesize\":207037},\"xxl\":{\"file\":\"2025-11-05_IKM-Weiden_NEUE-SAMMLUNG_LER6940-1-4048x2699.jpg\",\"width\":4048,\"height\":2699,\"mime-type\":\"image\\\/jpeg\",\"filesize\":990362},\"original\":{\"file\":\"2025-11-05_IKM-Weiden_NEUE-SAMMLUNG_LER6940-1.jpg\",\"width\":6000,\"height\":4000}},\n\"alt\" : \"Griechische Amphore mit Octopus-Motiv und fig\\u00fcrlichen Darstellungen auf der Oberfl\\u00e4che.\",\n\"path\" : \"\\\/wp-content\\\/uploads\\\/2025\\\/09\\\/\",\n\"video\" : null,\n\"autoplay\" : null,\n\"youtube\" : null,\n\"youtubelabel\" : \"play\",\n\"brightness\" : 100,\n\"crop\" : {\"x\":0.27,\"y\":0.64},\n\"background\" : true,\n\"scale\" : 1,\n\"zoom\" : false,\n\"annotations\" : null}<\/script>\n<div class=\"height-container \" style=\"padding-bottom:115%;   \">\n\t<div class=\"height-container-contents lazy-media-contents\">\n\t\n\t<div class=\"lazy-media-preview\" style=\"background-image: url('data:image\/jpeg;base64,\/9j\/4AAQSkZJRgABAQEAYABgAAD\/\/gA7Q1JFQVRPUjogZ2QtanBlZyB2MS4wICh1c2luZyBJSkcgSlBFRyB2NjIpLCBxdWFsaXR5ID0gOTAK\/9sAQwADAgIDAgIDAwMDBAMDBAUIBQUEBAUKBwcGCAwKDAwLCgsLDQ4SEA0OEQ4LCxAWEBETFBUVFQwPFxgWFBgSFBUU\/9sAQwEDBAQFBAUJBQUJFA0LDRQUFBQUFBQUFBQUFBQUFBQUFBQUFBQUFBQUFBQUFBQUFBQUFBQUFBQUFBQUFBQUFBQU\/8AAEQgADwAYAwEiAAIRAQMRAf\/EAB8AAAEFAQEBAQEBAAAAAAAAAAABAgMEBQYHCAkKC\/\/EALUQAAIBAwMCBAMFBQQEAAABfQECAwAEEQUSITFBBhNRYQcicRQygZGhCCNCscEVUtHwJDNicoIJChYXGBkaJSYnKCkqNDU2Nzg5OkNERUZHSElKU1RVVldYWVpjZGVmZ2hpanN0dXZ3eHl6g4SFhoeIiYqSk5SVlpeYmZqio6Slpqeoqaqys7S1tre4ubrCw8TFxsfIycrS09TV1tfY2drh4uPk5ebn6Onq8fLz9PX29\/j5+v\/EAB8BAAMBAQEBAQEBAQEAAAAAAAABAgMEBQYHCAkKC\/\/EALURAAIBAgQEAwQHBQQEAAECdwABAgMRBAUhMQYSQVEHYXETIjKBCBRCkaGxwQkjM1LwFWJy0QoWJDThJfEXGBkaJicoKSo1Njc4OTpDREVGR0hJSlNUVVZXWFlaY2RlZmdoaWpzdHV2d3h5eoKDhIWGh4iJipKTlJWWl5iZmqKjpKWmp6ipqrKztLW2t7i5usLDxMXGx8jJytLT1NXW19jZ2uLj5OXm5+jp6vLz9PX29\/j5+v\/aAAwDAQACEQMRAD8A+ErHxDrXxA15Dqt9Jd3CoTEHOfm7CvaNV+GkmteB9JuobNbTU2hYzxuPmOP4ua4T4O2tva+ONOf7OjxtIAdwzX0z8XPGFhDotzFHYtzH5Uc6ttKbRyMe9eVjpuU4vm1\/M9vL6ajTl7t1+R8aa98PLvTLiRJijNjPyNmivX\/gZo9nfeKry\/1iIX1jDGz+U\/IJ7cUV1U5ycVdnm1oxjN2R\/9k='); background-position: 27% 64%; height: 100%; width: 100%;\"><\/div>\n\n\t\t<lazy-media-inline inline-template>\n\t\t<div>\n\t\t\t<lazy-media :inline=\"true\" :alt=\"alt\" :sizes=\"sizes\" :scale=\"scale\" :zoom=\"zoom\" :brightness=\"brightness\" :path=\"path\" :video=\"video\" :autoplay=\"autoplay\" :youtube=\"youtube\" :crop=\"crop\" :youtubelabel=\"youtubelabel\" :annotations=\"annotations\" :background=\"background\" v-if=\"sizes\"><\/lazy-media>\n\t\t<\/div>\n\t<\/lazy-media-inline>\n\t\t\t<\/div>\n<\/div>\n\n\n\n\n\n\n<\/figure>\n\n\t\t<\/div>\n\n\n<div class=\"wp-block-ho-slot \"><slot-teaser-autoplay inline-template>\n\t<div class=\"slot-teaser-autoplay\">\n\t\t<video autoplay muted playsinline loop disablepictureinpicture controlslist=\"nodownload nofullscreen noremoteplayback\" data-src=\"https:\/\/www.ikmweiden.de\/wp-content\/uploads\/2025\/09\/Historische-Keramik-hochformat-2.mp4\"><\/video>\n\t\t<button class=\"autoplay-video-toggle-btn ho-button is-tertiary has-icon is-small\" @click.prevent=\"play\" v-if=\"!autoplayPlaying\" aria-label=\"Autoplay-Video abspielen\">\n<span class=\"ho-button-icon icon-play\" aria-hidden=\"true\"><\/span>\n<\/button>\t\t<button class=\"autoplay-video-toggle-btn ho-button is-tertiary has-icon is-small\" @click.prevent=\"pause\" v-if=\"autoplayPlaying\" aria-label=\"Autoplay-Video pausieren\">\n    <span class=\"ho-button-icon icon-pause\" aria-hidden=\"true\"><\/span>\n<\/button>\t<\/div>\n<\/slot-teaser-autoplay><\/div>\n\n\n\n\n<div  class='teaser-exhibition-date-display'><div class=\"wp-block-ho-slot \">\t<span class=\"ho-tag is-tertiary is-small\">\n\t\t<span class=\"ho-tag-label\"><span class=\"sr-only\">Veranstaltungszeitraum: <\/span>Dauerhaft<\/span>\n\t<\/span>\n<\/div>\n<\/div>\n<\/div>\n\n\n<div  class='margin-bottom-2'><h3 class=\"teaser-headline-medium\">Historische Keramiken aus f\u00fcnf bayerischen Staatsmuseen<\/h3><\/div>\n<div class=\"wp-block-ho-slot \"><div class=\"wp-block-ho-div flex-align-center-left flex-align-wrap\">\n\t<div class=\"metadata\">Seit 12. Oktober 2025<\/div>\n\t<div class=\"metadata\"><\/div>\n\t<div class=\"metadata\"><\/div>\n<\/div>\n<\/div>\n<\/a><\/li>\n\n\n<li class=\"wp-block-ho-lane-item margin-bottom-5 col col-md-4 col-xs-11\"><\/li>\n\n\n<li class=\"wp-block-ho-lane-item margin-bottom-5 col col-md-4 col-xs-11\"><a href=\"https:\/\/www.ikmweiden.de\/ls\/ausstellung\/moderne-im-rueckblick\/\" class=\"wp-block-ho-teaser teaser teaser-exhibition \">\n\t\n\n<div  class='margin-bottom-3 teaser-ausstellung-image'><div class=\"wp-block-ho-post-image \"><figure itemscope itemtype=\"http:\/\/schema.org\/ImageObject\" class=\"lazy-media-inline \" role=\"group\" aria-describedby=\"media_69f2bb7e067e1\">\n<script type=\"application\/json\">{\n\"id\" : 2638,\n\"sizes\" : {\"medium\":{\"file\":\"260318_Keramikmuseum_Details_LS_08-300x200.jpg\",\"width\":300,\"height\":200,\"mime-type\":\"image\\\/jpeg\",\"filesize\":7974},\"large\":{\"file\":\"260318_Keramikmuseum_Details_LS_08-1024x683.jpg\",\"width\":1024,\"height\":683,\"mime-type\":\"image\\\/jpeg\",\"filesize\":46104},\"medium_large\":{\"file\":\"260318_Keramikmuseum_Details_LS_08-768x512.jpg\",\"width\":768,\"height\":512,\"mime-type\":\"image\\\/jpeg\",\"filesize\":29932},\"1536x1536\":{\"file\":\"260318_Keramikmuseum_Details_LS_08-1536x1024.jpg\",\"width\":1536,\"height\":1024,\"mime-type\":\"image\\\/jpeg\",\"filesize\":86971},\"2048x2048\":{\"file\":\"260318_Keramikmuseum_Details_LS_08-2048x1365.jpg\",\"width\":2048,\"height\":1365,\"mime-type\":\"image\\\/jpeg\",\"filesize\":147229},\"small\":{\"file\":\"260318_Keramikmuseum_Details_LS_08-440x293.jpg\",\"width\":440,\"height\":293,\"mime-type\":\"image\\\/jpeg\",\"filesize\":13626},\"semi\":{\"file\":\"260318_Keramikmuseum_Details_LS_08-580x387.jpg\",\"width\":580,\"height\":387,\"mime-type\":\"image\\\/jpeg\",\"filesize\":20206},\"mobile\":{\"file\":\"260318_Keramikmuseum_Details_LS_08-720x480.jpg\",\"width\":720,\"height\":480,\"mime-type\":\"image\\\/jpeg\",\"filesize\":27154},\"hd\":{\"file\":\"260318_Keramikmuseum_Details_LS_08-1280x853.jpg\",\"width\":1280,\"height\":853,\"mime-type\":\"image\\\/jpeg\",\"filesize\":64934},\"full\":{\"file\":\"260318_Keramikmuseum_Details_LS_08-1920x1280.jpg\",\"width\":1920,\"height\":1280,\"mime-type\":\"image\\\/jpeg\",\"filesize\":129231},\"xxl\":{\"file\":\"260318_Keramikmuseum_Details_LS_08-4048x2698.jpg\",\"width\":4048,\"height\":2698,\"mime-type\":\"image\\\/jpeg\",\"filesize\":764163},\"original\":{\"file\":\"260318_Keramikmuseum_Details_LS_08.jpg\",\"width\":5138,\"height\":3425}},\n\"alt\" : \"Porzellanfigur von einem liegenden Mann. Eine sch\\u00f6ne Frau steht im Hintergrund. K\\u00fcnstliches Kunstwerk.\",\n\"path\" : \"\\\/wp-content\\\/uploads\\\/2026\\\/03\\\/\",\n\"video\" : null,\n\"autoplay\" : null,\n\"youtube\" : null,\n\"youtubelabel\" : \"play\",\n\"brightness\" : 100,\n\"crop\" : {\"x\":0.5,\"y\":0.54},\n\"background\" : true,\n\"scale\" : 1,\n\"zoom\" : false,\n\"annotations\" : null}<\/script>\n<div class=\"height-container \" style=\"padding-bottom:115%;   \">\n\t<div class=\"height-container-contents lazy-media-contents\">\n\t\n\t<div class=\"lazy-media-preview\" style=\"background-image: url('data:image\/jpeg;base64,\/9j\/4AAQSkZJRgABAQEAYABgAAD\/\/gA7Q1JFQVRPUjogZ2QtanBlZyB2MS4wICh1c2luZyBJSkcgSlBFRyB2NjIpLCBxdWFsaXR5ID0gOTAK\/9sAQwADAgIDAgIDAwMDBAMDBAUIBQUEBAUKBwcGCAwKDAwLCgsLDQ4SEA0OEQ4LCxAWEBETFBUVFQwPFxgWFBgSFBUU\/9sAQwEDBAQFBAUJBQUJFA0LDRQUFBQUFBQUFBQUFBQUFBQUFBQUFBQUFBQUFBQUFBQUFBQUFBQUFBQUFBQUFBQUFBQU\/8AAEQgADwAYAwEiAAIRAQMRAf\/EAB8AAAEFAQEBAQEBAAAAAAAAAAABAgMEBQYHCAkKC\/\/EALUQAAIBAwMCBAMFBQQEAAABfQECAwAEEQUSITFBBhNRYQcicRQygZGhCCNCscEVUtHwJDNicoIJChYXGBkaJSYnKCkqNDU2Nzg5OkNERUZHSElKU1RVVldYWVpjZGVmZ2hpanN0dXZ3eHl6g4SFhoeIiYqSk5SVlpeYmZqio6Slpqeoqaqys7S1tre4ubrCw8TFxsfIycrS09TV1tfY2drh4uPk5ebn6Onq8fLz9PX29\/j5+v\/EAB8BAAMBAQEBAQEBAQEAAAAAAAABAgMEBQYHCAkKC\/\/EALURAAIBAgQEAwQHBQQEAAECdwABAgMRBAUhMQYSQVEHYXETIjKBCBRCkaGxwQkjM1LwFWJy0QoWJDThJfEXGBkaJicoKSo1Njc4OTpDREVGR0hJSlNUVVZXWFlaY2RlZmdoaWpzdHV2d3h5eoKDhIWGh4iJipKTlJWWl5iZmqKjpKWmp6ipqrKztLW2t7i5usLDxMXGx8jJytLT1NXW19jZ2uLj5OXm5+jp6vLz9PX29\/j5+v\/aAAwDAQACEQMRAD8A810r4Yv4lu1trG2MzZG\/BwFHfNS3\/wCz+58ayRW1tnTY7R3c7w5VgP8AGpfCvikaR4ispXuJYIGkCyGPJJH0717p4l+JHgfwZbDUIbK8u7qZdzBvlRj7iu6VzCHK9T4L1ZX0rVHtnR1KMQN6lSeaK3vjH44i8eeN59Vhtls4WG1IVHCiipU7GUo66H\/\/2Q=='); background-position: 50% 54%; height: 100%; width: 100%;\"><\/div>\n\n\t\t<lazy-media-inline inline-template>\n\t\t<div>\n\t\t\t<lazy-media :inline=\"true\" :alt=\"alt\" :sizes=\"sizes\" :scale=\"scale\" :zoom=\"zoom\" :brightness=\"brightness\" :path=\"path\" :video=\"video\" :autoplay=\"autoplay\" :youtube=\"youtube\" :crop=\"crop\" :youtubelabel=\"youtubelabel\" :annotations=\"annotations\" :background=\"background\" v-if=\"sizes\"><\/lazy-media>\n\t\t<\/div>\n\t<\/lazy-media-inline>\n\t\t\t<\/div>\n<\/div>\n\n\n\n\n\n\n<\/figure>\n\n\t\t<\/div>\n\n\n<div class=\"wp-block-ho-slot \"><\/div>\n\n\n\n\n<div  class='teaser-exhibition-date-display'><div class=\"wp-block-ho-slot \">\t<span class=\"ho-tag is-tertiary is-small\">\n\t\t<span class=\"ho-tag-label\"><span class=\"sr-only\">Veranstaltungszeitraum: <\/span>L\u00e4uft bis 07.06.2026<\/span>\n\t<\/span>\n<\/div>\n<\/div>\n<\/div>\n\n\n<div  class='margin-bottom-2'><h3 class=\"teaser-headline-medium\">Moderne im R\u00fcckblick<\/h3><\/div>\n<div class=\"wp-block-ho-slot \"><div class=\"wp-block-ho-div flex-align-center-left flex-align-wrap\">\n\t<div class=\"metadata\">28. M\u00e4rz 2026<\/div>\n\t<div class=\"metadata\">&nbsp;\u2013&nbsp;<\/div>\n\t<div class=\"metadata\">07. Juni 2026<\/div>\n<\/div>\n<\/div>\n<\/a><\/li>\n\n\t\t\t\t<\/ul>\n\t\t\t<\/div>\n\t\t\t<\/div>\n\t\t<\/div>\n\t\t<div class=\"mobile-view\">\n\t\t\t<ho-lane inline-template>\n\t\t\t\t<div class=\"wp-block-ho-lane-wrapper\" data-orientation=\"horizontal\" data-infinity-loop=\"null\" data-lane-item-count=\"4\">\n\t\t\t\t\t<div class=\"wp-block-ho-lane-controls\" data-slot=\"buttons-oben\">\n\t<div class=\"wp-block-ho-lane-controls-row\">\n\t\t<div class=\"wp-block-ho-lane-controls-col\">\n\n\t\t\t<button type=\"button\" class=\"ho-button is-tertiary is-icon\" :disabled=\"!showPrev\" @click=\"prev\" aria-label=\"Vorheriges Element\">\n\t\t\t\t<span class=\"ho-button-icon icon-arrow-left\" aria-hidden=\"true\"><\/span>\n\t\t\t\t<span class=\"ho-button-label\"><\/span>\n\t\t\t<\/button>\n\n\t\t\t<button type=\"button\" class=\"ho-button is-tertiary is-icon\" :disabled=\"!showNext\" @click=\"next\" aria-label=\"N\u00e4chstes Element\">\n\t\t\t\t<span class=\"ho-button-icon icon-arrow-right\" aria-hidden=\"true\"><\/span>\n\t\t\t\t<span class=\"ho-button-label\"><\/span>\n\t\t\t<\/button>\n\n\t\t<\/div>\n\t<\/div>\n<\/div>\n\t\t\t\t\t\t\t\t\t\t\t<ul class=\"wp-block wp-block-ho-lane \" data-slot=\"buttons-oben\" tabindex=\"-1\">\n\t\t\t\t\t\t\t\n<li class=\"wp-block-ho-lane-item margin-bottom-5 col col-md-4 col-xs-11\"><a href=\"https:\/\/www.ikmweiden.de\/ausstellung\/keramiken-der-neuen-sammlung\/\" class=\"wp-block-ho-teaser teaser teaser-exhibition \">\n\t\n\n<div  class='margin-bottom-3 teaser-ausstellung-image'><div class=\"wp-block-ho-post-image \"><figure itemscope itemtype=\"http:\/\/schema.org\/ImageObject\" class=\"lazy-media-inline \" role=\"group\" aria-describedby=\"media_69f2bb7e08212\">\n<script type=\"application\/json\">{\n\"id\" : 1366,\n\"sizes\" : {\"medium\":{\"file\":\"2025-11-05_IKM-Weiden_NEUE-SAMMLUNG_LER6506-300x200.jpg\",\"width\":300,\"height\":200,\"mime-type\":\"image\\\/jpeg\",\"filesize\":12537},\"large\":{\"file\":\"2025-11-05_IKM-Weiden_NEUE-SAMMLUNG_LER6506-1024x683.jpg\",\"width\":1024,\"height\":683,\"mime-type\":\"image\\\/jpeg\",\"filesize\":84239},\"medium_large\":{\"file\":\"2025-11-05_IKM-Weiden_NEUE-SAMMLUNG_LER6506-768x512.jpg\",\"width\":768,\"height\":512,\"mime-type\":\"image\\\/jpeg\",\"filesize\":53033},\"1536x1536\":{\"file\":\"2025-11-05_IKM-Weiden_NEUE-SAMMLUNG_LER6506-1536x1024.jpg\",\"width\":1536,\"height\":1024,\"mime-type\":\"image\\\/jpeg\",\"filesize\":163397},\"2048x2048\":{\"file\":\"2025-11-05_IKM-Weiden_NEUE-SAMMLUNG_LER6506-2048x1365.jpg\",\"width\":2048,\"height\":1365,\"mime-type\":\"image\\\/jpeg\",\"filesize\":278413},\"small\":{\"file\":\"2025-11-05_IKM-Weiden_NEUE-SAMMLUNG_LER6506-440x293.jpg\",\"width\":440,\"height\":293,\"mime-type\":\"image\\\/jpeg\",\"filesize\":22658},\"semi\":{\"file\":\"2025-11-05_IKM-Weiden_NEUE-SAMMLUNG_LER6506-580x387.jpg\",\"width\":580,\"height\":387,\"mime-type\":\"image\\\/jpeg\",\"filesize\":35096},\"mobile\":{\"file\":\"2025-11-05_IKM-Weiden_NEUE-SAMMLUNG_LER6506-720x480.jpg\",\"width\":720,\"height\":480,\"mime-type\":\"image\\\/jpeg\",\"filesize\":48210},\"hd\":{\"file\":\"2025-11-05_IKM-Weiden_NEUE-SAMMLUNG_LER6506-1280x853.jpg\",\"width\":1280,\"height\":853,\"mime-type\":\"image\\\/jpeg\",\"filesize\":120658},\"full\":{\"file\":\"2025-11-05_IKM-Weiden_NEUE-SAMMLUNG_LER6506-1920x1280.jpg\",\"width\":1920,\"height\":1280,\"mime-type\":\"image\\\/jpeg\",\"filesize\":245804},\"xxl\":{\"file\":\"2025-11-05_IKM-Weiden_NEUE-SAMMLUNG_LER6506-4048x2699.jpg\",\"width\":4048,\"height\":2699,\"mime-type\":\"image\\\/jpeg\",\"filesize\":1082419},\"original\":{\"file\":\"2025-11-05_IKM-Weiden_NEUE-SAMMLUNG_LER6506.jpg\",\"width\":6000,\"height\":4000}},\n\"alt\" : \"Nahaufnahme einer kunstvollen Vase mit tiefen Linien und gl\\u00e4nzender Oberfl\\u00e4che in dunklen Farben.\",\n\"path\" : \"\\\/wp-content\\\/uploads\\\/2025\\\/09\\\/\",\n\"video\" : null,\n\"autoplay\" : null,\n\"youtube\" : null,\n\"youtubelabel\" : \"play\",\n\"brightness\" : 100,\n\"crop\" : {\"x\":0.5,\"y\":0.54},\n\"background\" : true,\n\"scale\" : 1,\n\"zoom\" : false,\n\"annotations\" : null}<\/script>\n<div class=\"height-container \" style=\"padding-bottom:115%;   \">\n\t<div class=\"height-container-contents lazy-media-contents\">\n\t\n\t<div class=\"lazy-media-preview\" style=\"background-image: url('data:image\/jpeg;base64,\/9j\/4AAQSkZJRgABAQEAYABgAAD\/\/gA7Q1JFQVRPUjogZ2QtanBlZyB2MS4wICh1c2luZyBJSkcgSlBFRyB2NjIpLCBxdWFsaXR5ID0gOTAK\/9sAQwADAgIDAgIDAwMDBAMDBAUIBQUEBAUKBwcGCAwKDAwLCgsLDQ4SEA0OEQ4LCxAWEBETFBUVFQwPFxgWFBgSFBUU\/9sAQwEDBAQFBAUJBQUJFA0LDRQUFBQUFBQUFBQUFBQUFBQUFBQUFBQUFBQUFBQUFBQUFBQUFBQUFBQUFBQUFBQUFBQU\/8AAEQgADwAYAwEiAAIRAQMRAf\/EAB8AAAEFAQEBAQEBAAAAAAAAAAABAgMEBQYHCAkKC\/\/EALUQAAIBAwMCBAMFBQQEAAABfQECAwAEEQUSITFBBhNRYQcicRQygZGhCCNCscEVUtHwJDNicoIJChYXGBkaJSYnKCkqNDU2Nzg5OkNERUZHSElKU1RVVldYWVpjZGVmZ2hpanN0dXZ3eHl6g4SFhoeIiYqSk5SVlpeYmZqio6Slpqeoqaqys7S1tre4ubrCw8TFxsfIycrS09TV1tfY2drh4uPk5ebn6Onq8fLz9PX29\/j5+v\/EAB8BAAMBAQEBAQEBAQEAAAAAAAABAgMEBQYHCAkKC\/\/EALURAAIBAgQEAwQHBQQEAAECdwABAgMRBAUhMQYSQVEHYXETIjKBCBRCkaGxwQkjM1LwFWJy0QoWJDThJfEXGBkaJicoKSo1Njc4OTpDREVGR0hJSlNUVVZXWFlaY2RlZmdoaWpzdHV2d3h5eoKDhIWGh4iJipKTlJWWl5iZmqKjpKWmp6ipqrKztLW2t7i5usLDxMXGx8jJytLT1NXW19jZ2uLj5OXm5+jp6vLz9PX29\/j5+v\/aAAwDAQACEQMRAD8A+BNN8O3GoK87DZbg43ep9qsvJe6L5kVsHt0JGSP4vxr1jwz4YW58IQTkhUXBYDvXCeK549Q1G6it8x2tvygPUD0r0X7miOe3NqznNK1ttI1MXdzaRX7HICXHIzRXOanclp1ZWOcZ\/GiudvU0Ssf\/2Q=='); background-position: 50% 54%; height: 100%; width: 100%;\"><\/div>\n\n\t\t<lazy-media-inline inline-template>\n\t\t<div>\n\t\t\t<lazy-media :inline=\"true\" :alt=\"alt\" :sizes=\"sizes\" :scale=\"scale\" :zoom=\"zoom\" :brightness=\"brightness\" :path=\"path\" :video=\"video\" :autoplay=\"autoplay\" :youtube=\"youtube\" :crop=\"crop\" :youtubelabel=\"youtubelabel\" :annotations=\"annotations\" :background=\"background\" v-if=\"sizes\"><\/lazy-media>\n\t\t<\/div>\n\t<\/lazy-media-inline>\n\t\t\t<\/div>\n<\/div>\n\n\n\n\n\n\n<\/figure>\n\n\t\t<\/div>\n\n\n<div class=\"wp-block-ho-slot \"><\/div>\n\n\n\n\n<div  class='teaser-exhibition-date-display'><div class=\"wp-block-ho-slot \">\t<span class=\"ho-tag is-tertiary is-small\">\n\t\t<span class=\"ho-tag-label\"><span class=\"sr-only\">Veranstaltungszeitraum: <\/span>Dauerhaft<\/span>\n\t<\/span>\n<\/div>\n<\/div>\n<\/div>\n\n\n<div  class='margin-bottom-2'><h3 class=\"teaser-headline-medium\">Keramiken der Neuen Sammlung<\/h3><\/div>\n<div class=\"wp-block-ho-slot \"><div class=\"wp-block-ho-div flex-align-center-left flex-align-wrap\">\n\t<div class=\"metadata\">Seit 12. Oktober 2025<\/div>\n\t<div class=\"metadata\"><\/div>\n\t<div class=\"metadata\"><\/div>\n<\/div>\n<\/div>\n<\/a><\/li>\n\n\n<li class=\"wp-block-ho-lane-item margin-bottom-5 col col-md-4 col-xs-11\"><a href=\"https:\/\/www.ikmweiden.de\/ausstellung\/historische-keramiken-aus-fuenf-bayerischen-staatsmuseen\/\" class=\"wp-block-ho-teaser teaser teaser-exhibition \">\n\t\n\n<div  class='margin-bottom-3 teaser-ausstellung-image'><div class=\"wp-block-ho-post-image \"><figure itemscope itemtype=\"http:\/\/schema.org\/ImageObject\" class=\"lazy-media-inline \" role=\"group\" aria-describedby=\"media_69f2bb7e09c59\">\n<script type=\"application\/json\">{\n\"id\" : 1503,\n\"sizes\" : {\"medium\":{\"file\":\"2025-11-05_IKM-Weiden_NEUE-SAMMLUNG_LER6940-1-300x200.jpg\",\"width\":300,\"height\":200,\"mime-type\":\"image\\\/jpeg\",\"filesize\":11045},\"large\":{\"file\":\"2025-11-05_IKM-Weiden_NEUE-SAMMLUNG_LER6940-1-1024x683.jpg\",\"width\":1024,\"height\":683,\"mime-type\":\"image\\\/jpeg\",\"filesize\":67176},\"medium_large\":{\"file\":\"2025-11-05_IKM-Weiden_NEUE-SAMMLUNG_LER6940-1-768x512.jpg\",\"width\":768,\"height\":512,\"mime-type\":\"image\\\/jpeg\",\"filesize\":42903},\"1536x1536\":{\"file\":\"2025-11-05_IKM-Weiden_NEUE-SAMMLUNG_LER6940-1-1536x1024.jpg\",\"width\":1536,\"height\":1024,\"mime-type\":\"image\\\/jpeg\",\"filesize\":134015},\"2048x2048\":{\"file\":\"2025-11-05_IKM-Weiden_NEUE-SAMMLUNG_LER6940-1-2048x1365.jpg\",\"width\":2048,\"height\":1365,\"mime-type\":\"image\\\/jpeg\",\"filesize\":236769},\"small\":{\"file\":\"2025-11-05_IKM-Weiden_NEUE-SAMMLUNG_LER6940-1-440x293.jpg\",\"width\":440,\"height\":293,\"mime-type\":\"image\\\/jpeg\",\"filesize\":19135},\"semi\":{\"file\":\"2025-11-05_IKM-Weiden_NEUE-SAMMLUNG_LER6940-1-580x387.jpg\",\"width\":580,\"height\":387,\"mime-type\":\"image\\\/jpeg\",\"filesize\":28746},\"mobile\":{\"file\":\"2025-11-05_IKM-Weiden_NEUE-SAMMLUNG_LER6940-1-720x480.jpg\",\"width\":720,\"height\":480,\"mime-type\":\"image\\\/jpeg\",\"filesize\":38991},\"hd\":{\"file\":\"2025-11-05_IKM-Weiden_NEUE-SAMMLUNG_LER6940-1-1280x853.jpg\",\"width\":1280,\"height\":853,\"mime-type\":\"image\\\/jpeg\",\"filesize\":97123},\"full\":{\"file\":\"2025-11-05_IKM-Weiden_NEUE-SAMMLUNG_LER6940-1-1920x1280.jpg\",\"width\":1920,\"height\":1280,\"mime-type\":\"image\\\/jpeg\",\"filesize\":207037},\"xxl\":{\"file\":\"2025-11-05_IKM-Weiden_NEUE-SAMMLUNG_LER6940-1-4048x2699.jpg\",\"width\":4048,\"height\":2699,\"mime-type\":\"image\\\/jpeg\",\"filesize\":990362},\"original\":{\"file\":\"2025-11-05_IKM-Weiden_NEUE-SAMMLUNG_LER6940-1.jpg\",\"width\":6000,\"height\":4000}},\n\"alt\" : \"Griechische Amphore mit Octopus-Motiv und fig\\u00fcrlichen Darstellungen auf der Oberfl\\u00e4che.\",\n\"path\" : \"\\\/wp-content\\\/uploads\\\/2025\\\/09\\\/\",\n\"video\" : null,\n\"autoplay\" : null,\n\"youtube\" : null,\n\"youtubelabel\" : \"play\",\n\"brightness\" : 100,\n\"crop\" : {\"x\":0.27,\"y\":0.64},\n\"background\" : true,\n\"scale\" : 1,\n\"zoom\" : false,\n\"annotations\" : null}<\/script>\n<div class=\"height-container \" style=\"padding-bottom:115%;   \">\n\t<div class=\"height-container-contents lazy-media-contents\">\n\t\n\t<div class=\"lazy-media-preview\" style=\"background-image: url('data:image\/jpeg;base64,\/9j\/4AAQSkZJRgABAQEAYABgAAD\/\/gA7Q1JFQVRPUjogZ2QtanBlZyB2MS4wICh1c2luZyBJSkcgSlBFRyB2NjIpLCBxdWFsaXR5ID0gOTAK\/9sAQwADAgIDAgIDAwMDBAMDBAUIBQUEBAUKBwcGCAwKDAwLCgsLDQ4SEA0OEQ4LCxAWEBETFBUVFQwPFxgWFBgSFBUU\/9sAQwEDBAQFBAUJBQUJFA0LDRQUFBQUFBQUFBQUFBQUFBQUFBQUFBQUFBQUFBQUFBQUFBQUFBQUFBQUFBQUFBQUFBQU\/8AAEQgADwAYAwEiAAIRAQMRAf\/EAB8AAAEFAQEBAQEBAAAAAAAAAAABAgMEBQYHCAkKC\/\/EALUQAAIBAwMCBAMFBQQEAAABfQECAwAEEQUSITFBBhNRYQcicRQygZGhCCNCscEVUtHwJDNicoIJChYXGBkaJSYnKCkqNDU2Nzg5OkNERUZHSElKU1RVVldYWVpjZGVmZ2hpanN0dXZ3eHl6g4SFhoeIiYqSk5SVlpeYmZqio6Slpqeoqaqys7S1tre4ubrCw8TFxsfIycrS09TV1tfY2drh4uPk5ebn6Onq8fLz9PX29\/j5+v\/EAB8BAAMBAQEBAQEBAQEAAAAAAAABAgMEBQYHCAkKC\/\/EALURAAIBAgQEAwQHBQQEAAECdwABAgMRBAUhMQYSQVEHYXETIjKBCBRCkaGxwQkjM1LwFWJy0QoWJDThJfEXGBkaJicoKSo1Njc4OTpDREVGR0hJSlNUVVZXWFlaY2RlZmdoaWpzdHV2d3h5eoKDhIWGh4iJipKTlJWWl5iZmqKjpKWmp6ipqrKztLW2t7i5usLDxMXGx8jJytLT1NXW19jZ2uLj5OXm5+jp6vLz9PX29\/j5+v\/aAAwDAQACEQMRAD8A+ErHxDrXxA15Dqt9Jd3CoTEHOfm7CvaNV+GkmteB9JuobNbTU2hYzxuPmOP4ua4T4O2tva+ONOf7OjxtIAdwzX0z8XPGFhDotzFHYtzH5Uc6ttKbRyMe9eVjpuU4vm1\/M9vL6ajTl7t1+R8aa98PLvTLiRJijNjPyNmivX\/gZo9nfeKry\/1iIX1jDGz+U\/IJ7cUV1U5ycVdnm1oxjN2R\/9k='); background-position: 27% 64%; height: 100%; width: 100%;\"><\/div>\n\n\t\t<lazy-media-inline inline-template>\n\t\t<div>\n\t\t\t<lazy-media :inline=\"true\" :alt=\"alt\" :sizes=\"sizes\" :scale=\"scale\" :zoom=\"zoom\" :brightness=\"brightness\" :path=\"path\" :video=\"video\" :autoplay=\"autoplay\" :youtube=\"youtube\" :crop=\"crop\" :youtubelabel=\"youtubelabel\" :annotations=\"annotations\" :background=\"background\" v-if=\"sizes\"><\/lazy-media>\n\t\t<\/div>\n\t<\/lazy-media-inline>\n\t\t\t<\/div>\n<\/div>\n\n\n\n\n\n\n<\/figure>\n\n\t\t<\/div>\n\n\n<div class=\"wp-block-ho-slot \"><slot-teaser-autoplay inline-template>\n\t<div class=\"slot-teaser-autoplay\">\n\t\t<video autoplay muted playsinline loop disablepictureinpicture controlslist=\"nodownload nofullscreen noremoteplayback\" data-src=\"https:\/\/www.ikmweiden.de\/wp-content\/uploads\/2025\/09\/Historische-Keramik-hochformat-2.mp4\"><\/video>\n\t\t<button class=\"autoplay-video-toggle-btn ho-button is-tertiary has-icon is-small\" @click.prevent=\"play\" v-if=\"!autoplayPlaying\" aria-label=\"Autoplay-Video abspielen\">\n<span class=\"ho-button-icon icon-play\" aria-hidden=\"true\"><\/span>\n<\/button>\t\t<button class=\"autoplay-video-toggle-btn ho-button is-tertiary has-icon is-small\" @click.prevent=\"pause\" v-if=\"autoplayPlaying\" aria-label=\"Autoplay-Video pausieren\">\n    <span class=\"ho-button-icon icon-pause\" aria-hidden=\"true\"><\/span>\n<\/button>\t<\/div>\n<\/slot-teaser-autoplay><\/div>\n\n\n\n\n<div  class='teaser-exhibition-date-display'><div class=\"wp-block-ho-slot \">\t<span class=\"ho-tag is-tertiary is-small\">\n\t\t<span class=\"ho-tag-label\"><span class=\"sr-only\">Veranstaltungszeitraum: <\/span>Dauerhaft<\/span>\n\t<\/span>\n<\/div>\n<\/div>\n<\/div>\n\n\n<div  class='margin-bottom-2'><h3 class=\"teaser-headline-medium\">Historische Keramiken aus f\u00fcnf bayerischen Staatsmuseen<\/h3><\/div>\n<div class=\"wp-block-ho-slot \"><div class=\"wp-block-ho-div flex-align-center-left flex-align-wrap\">\n\t<div class=\"metadata\">Seit 12. Oktober 2025<\/div>\n\t<div class=\"metadata\"><\/div>\n\t<div class=\"metadata\"><\/div>\n<\/div>\n<\/div>\n<\/a><\/li>\n\n\n<li class=\"wp-block-ho-lane-item margin-bottom-5 col col-md-4 col-xs-11\"><\/li>\n\n\n<li class=\"wp-block-ho-lane-item margin-bottom-5 col col-md-4 col-xs-11\"><a href=\"https:\/\/www.ikmweiden.de\/ls\/ausstellung\/moderne-im-rueckblick\/\" class=\"wp-block-ho-teaser teaser teaser-exhibition \">\n\t\n\n<div  class='margin-bottom-3 teaser-ausstellung-image'><div class=\"wp-block-ho-post-image \"><figure itemscope itemtype=\"http:\/\/schema.org\/ImageObject\" class=\"lazy-media-inline \" role=\"group\" aria-describedby=\"media_69f2bb7e0c5a3\">\n<script type=\"application\/json\">{\n\"id\" : 2638,\n\"sizes\" : {\"medium\":{\"file\":\"260318_Keramikmuseum_Details_LS_08-300x200.jpg\",\"width\":300,\"height\":200,\"mime-type\":\"image\\\/jpeg\",\"filesize\":7974},\"large\":{\"file\":\"260318_Keramikmuseum_Details_LS_08-1024x683.jpg\",\"width\":1024,\"height\":683,\"mime-type\":\"image\\\/jpeg\",\"filesize\":46104},\"medium_large\":{\"file\":\"260318_Keramikmuseum_Details_LS_08-768x512.jpg\",\"width\":768,\"height\":512,\"mime-type\":\"image\\\/jpeg\",\"filesize\":29932},\"1536x1536\":{\"file\":\"260318_Keramikmuseum_Details_LS_08-1536x1024.jpg\",\"width\":1536,\"height\":1024,\"mime-type\":\"image\\\/jpeg\",\"filesize\":86971},\"2048x2048\":{\"file\":\"260318_Keramikmuseum_Details_LS_08-2048x1365.jpg\",\"width\":2048,\"height\":1365,\"mime-type\":\"image\\\/jpeg\",\"filesize\":147229},\"small\":{\"file\":\"260318_Keramikmuseum_Details_LS_08-440x293.jpg\",\"width\":440,\"height\":293,\"mime-type\":\"image\\\/jpeg\",\"filesize\":13626},\"semi\":{\"file\":\"260318_Keramikmuseum_Details_LS_08-580x387.jpg\",\"width\":580,\"height\":387,\"mime-type\":\"image\\\/jpeg\",\"filesize\":20206},\"mobile\":{\"file\":\"260318_Keramikmuseum_Details_LS_08-720x480.jpg\",\"width\":720,\"height\":480,\"mime-type\":\"image\\\/jpeg\",\"filesize\":27154},\"hd\":{\"file\":\"260318_Keramikmuseum_Details_LS_08-1280x853.jpg\",\"width\":1280,\"height\":853,\"mime-type\":\"image\\\/jpeg\",\"filesize\":64934},\"full\":{\"file\":\"260318_Keramikmuseum_Details_LS_08-1920x1280.jpg\",\"width\":1920,\"height\":1280,\"mime-type\":\"image\\\/jpeg\",\"filesize\":129231},\"xxl\":{\"file\":\"260318_Keramikmuseum_Details_LS_08-4048x2698.jpg\",\"width\":4048,\"height\":2698,\"mime-type\":\"image\\\/jpeg\",\"filesize\":764163},\"original\":{\"file\":\"260318_Keramikmuseum_Details_LS_08.jpg\",\"width\":5138,\"height\":3425}},\n\"alt\" : \"Porzellanfigur von einem liegenden Mann. Eine sch\\u00f6ne Frau steht im Hintergrund. K\\u00fcnstliches Kunstwerk.\",\n\"path\" : \"\\\/wp-content\\\/uploads\\\/2026\\\/03\\\/\",\n\"video\" : null,\n\"autoplay\" : null,\n\"youtube\" : null,\n\"youtubelabel\" : \"play\",\n\"brightness\" : 100,\n\"crop\" : {\"x\":0.5,\"y\":0.54},\n\"background\" : true,\n\"scale\" : 1,\n\"zoom\" : false,\n\"annotations\" : null}<\/script>\n<div class=\"height-container \" style=\"padding-bottom:115%;   \">\n\t<div class=\"height-container-contents lazy-media-contents\">\n\t\n\t<div class=\"lazy-media-preview\" style=\"background-image: url('data:image\/jpeg;base64,\/9j\/4AAQSkZJRgABAQEAYABgAAD\/\/gA7Q1JFQVRPUjogZ2QtanBlZyB2MS4wICh1c2luZyBJSkcgSlBFRyB2NjIpLCBxdWFsaXR5ID0gOTAK\/9sAQwADAgIDAgIDAwMDBAMDBAUIBQUEBAUKBwcGCAwKDAwLCgsLDQ4SEA0OEQ4LCxAWEBETFBUVFQwPFxgWFBgSFBUU\/9sAQwEDBAQFBAUJBQUJFA0LDRQUFBQUFBQUFBQUFBQUFBQUFBQUFBQUFBQUFBQUFBQUFBQUFBQUFBQUFBQUFBQUFBQU\/8AAEQgADwAYAwEiAAIRAQMRAf\/EAB8AAAEFAQEBAQEBAAAAAAAAAAABAgMEBQYHCAkKC\/\/EALUQAAIBAwMCBAMFBQQEAAABfQECAwAEEQUSITFBBhNRYQcicRQygZGhCCNCscEVUtHwJDNicoIJChYXGBkaJSYnKCkqNDU2Nzg5OkNERUZHSElKU1RVVldYWVpjZGVmZ2hpanN0dXZ3eHl6g4SFhoeIiYqSk5SVlpeYmZqio6Slpqeoqaqys7S1tre4ubrCw8TFxsfIycrS09TV1tfY2drh4uPk5ebn6Onq8fLz9PX29\/j5+v\/EAB8BAAMBAQEBAQEBAQEAAAAAAAABAgMEBQYHCAkKC\/\/EALURAAIBAgQEAwQHBQQEAAECdwABAgMRBAUhMQYSQVEHYXETIjKBCBRCkaGxwQkjM1LwFWJy0QoWJDThJfEXGBkaJicoKSo1Njc4OTpDREVGR0hJSlNUVVZXWFlaY2RlZmdoaWpzdHV2d3h5eoKDhIWGh4iJipKTlJWWl5iZmqKjpKWmp6ipqrKztLW2t7i5usLDxMXGx8jJytLT1NXW19jZ2uLj5OXm5+jp6vLz9PX29\/j5+v\/aAAwDAQACEQMRAD8A810r4Yv4lu1trG2MzZG\/BwFHfNS3\/wCz+58ayRW1tnTY7R3c7w5VgP8AGpfCvikaR4ispXuJYIGkCyGPJJH0717p4l+JHgfwZbDUIbK8u7qZdzBvlRj7iu6VzCHK9T4L1ZX0rVHtnR1KMQN6lSeaK3vjH44i8eeN59Vhtls4WG1IVHCiipU7GUo66H\/\/2Q=='); background-position: 50% 54%; height: 100%; width: 100%;\"><\/div>\n\n\t\t<lazy-media-inline inline-template>\n\t\t<div>\n\t\t\t<lazy-media :inline=\"true\" :alt=\"alt\" :sizes=\"sizes\" :scale=\"scale\" :zoom=\"zoom\" :brightness=\"brightness\" :path=\"path\" :video=\"video\" :autoplay=\"autoplay\" :youtube=\"youtube\" :crop=\"crop\" :youtubelabel=\"youtubelabel\" :annotations=\"annotations\" :background=\"background\" v-if=\"sizes\"><\/lazy-media>\n\t\t<\/div>\n\t<\/lazy-media-inline>\n\t\t\t<\/div>\n<\/div>\n\n\n\n\n\n\n<\/figure>\n\n\t\t<\/div>\n\n\n<div class=\"wp-block-ho-slot \"><\/div>\n\n\n\n\n<div  class='teaser-exhibition-date-display'><div class=\"wp-block-ho-slot \">\t<span class=\"ho-tag is-tertiary is-small\">\n\t\t<span class=\"ho-tag-label\"><span class=\"sr-only\">Veranstaltungszeitraum: <\/span>L\u00e4uft bis 07.06.2026<\/span>\n\t<\/span>\n<\/div>\n<\/div>\n<\/div>\n\n\n<div  class='margin-bottom-2'><h3 class=\"teaser-headline-medium\">Moderne im R\u00fcckblick<\/h3><\/div>\n<div class=\"wp-block-ho-slot \"><div class=\"wp-block-ho-div flex-align-center-left flex-align-wrap\">\n\t<div class=\"metadata\">28. M\u00e4rz 2026<\/div>\n\t<div class=\"metadata\">&nbsp;\u2013&nbsp;<\/div>\n\t<div class=\"metadata\">07. Juni 2026<\/div>\n<\/div>\n<\/div>\n<\/a><\/li>\n\n\t\t\t\t\t\t<\/ul>\n\t\t\t\t\t\t\t\t\t<\/div>\n\t\t\t<\/ho-lane>\n\t\t<\/div>\n\n\t\t\n\n\n\n<div  class='container-fluid'>\n\n<div  class='row'>\n\n<div  class='col col-xs-12'>\n\n<div class=\"wp-block-ho-div\">\n\n<div  class='wp-block-ho-buttons wp-block-ho-buttons flex-layout-align-center'>\n<div class=\"wp-block-ho-buttons-item\">\n\t<a href=\"https:\/\/www.ikmweiden.de\/alle-ausstellungen\/\"  target=\"\" role=\"button\" aria-pressed=\"false\" rel=\"nofollow\" class=\"ho-button is-primary\">\n\t\t\t\t<span class=\"ho-button-label \">Alle Ausstellungen<\/span>\n\t<\/a>\n<\/div>\n<\/div>\n<\/div>\n<\/div>\n<\/div>\n<\/div>\n<\/div>\n<\/div>\n<\/div>\n<\/div>\n<\/section>\n\n<section class='wp-block-ho-pattern ' data-pattern='ho\/uberschrift-mit-text'>\n\n<div  class='container-fluid margin-bottom-7'>\n\n<div  class='row padding-bottom-4'>\n\n<div  class='col col-xs-12 col-md-8'>\n<h2 class='h2' style=\"white-space: normal;\">Wir freuen uns auf Ihren Besuch!<\/h2>\n<\/div>\n<\/div>\n\n\n\n\n<div  class='row'>\n\n<div  class='col col-xs-12 col-md-8'>\t<p class='body'>Das Internationale Keramik-Museum Weiden zeigt auf etwa 1000 Quadratmetern Handwerk, Kunst und Design. Die Ausstellungsr\u00e4ume im alten Waldsassener Kasten wurden 2025 modernisiert. Jetzt sind die R\u00e4ume gut f\u00fcr die Leihgaben der sechs bayerischen Staatsmuseen geeignet.<br>Das Museum liegt im Herzen der Porzellanregion Oberpfalz. Diese Region ist eine der \u00e4ltesten Keramiklandschaften in Europa. Das Museum verbindet die lokale Tradition mit Sammlungen aus aller Welt. Es zeigt Keramik aus der Antike bis heute. Die Sammlungen kommen aus Europa, Asien und Amerika.<br> Das Museum zeigt auch wechselnde Sonderausstellungen mit moderner Keramik.<\/p>\n<\/div>\n<\/div>\n<\/div>\n<\/section>\n\n<section class='wp-block-ho-pattern ' data-pattern='ho\/teaser-newsletter-text-rechts-und-bild-links'>\n\n<div  class='margin-bottom-7'><div class=\"structure-content-color\" style=\"--content-color-foreground: #000000;--content-color-background: #17BB63;color: #000000;background: #17BB63;\">\n<div class='structure-content-color-content'>\n\n<div  class='padding-top-5 padding-bottom-5'>\n\n<div  class='container-fluid'>\n\n<div  class='row'>\n\n<div  class='col col-xs-12 col-md-7'>\n\n<div  class='margin-bottom-5'>\n<h2  style=\"white-space: normal;\">Newsletter<\/h2>\n<\/div>\n<\/div>\n<\/div>\n\n\n\n\n<div  class='row'>\n\n<div  class='col col-md-5 col-md-offset-0 col-xs-7 col-xs-offset-5 mobile-margin-bottom-5'><figure itemscope itemtype=\"http:\/\/schema.org\/ImageObject\" class=\"lazy-media-inline \" role=\"group\" aria-describedby=\"media_lWvx7B\">\n<script type=\"application\/json\">{\n\"id\" : 2252,\n\"sizes\" : {\"medium\":{\"file\":\"DSC04119-2-200x300.jpg\",\"width\":200,\"height\":300,\"mime-type\":\"image\\\/jpeg\",\"filesize\":11840},\"large\":{\"file\":\"DSC04119-2-683x1024.jpg\",\"width\":683,\"height\":1024,\"mime-type\":\"image\\\/jpeg\",\"filesize\":82778},\"medium_large\":{\"file\":\"DSC04119-2-768x1152.jpg\",\"width\":768,\"height\":1152,\"mime-type\":\"image\\\/jpeg\",\"filesize\":99557},\"1536x1536\":{\"file\":\"DSC04119-2-1024x1536.jpg\",\"width\":1024,\"height\":1536,\"mime-type\":\"image\\\/jpeg\",\"filesize\":158019},\"2048x2048\":{\"file\":\"DSC04119-2-1365x2048.jpg\",\"width\":1365,\"height\":2048,\"mime-type\":\"image\\\/jpeg\",\"filesize\":251658},\"small\":{\"file\":\"DSC04119-2-293x440.jpg\",\"width\":293,\"height\":440,\"mime-type\":\"image\\\/jpeg\",\"filesize\":21428},\"semi\":{\"file\":\"DSC04119-2-387x580.jpg\",\"width\":387,\"height\":580,\"mime-type\":\"image\\\/jpeg\",\"filesize\":33646},\"mobile\":{\"file\":\"DSC04119-2-480x720.jpg\",\"width\":480,\"height\":720,\"mime-type\":\"image\\\/jpeg\",\"filesize\":46495},\"hd\":{\"file\":\"DSC04119-2-853x1280.jpg\",\"width\":853,\"height\":1280,\"mime-type\":\"image\\\/jpeg\",\"filesize\":118161},\"full\":{\"file\":\"DSC04119-2-1280x1920.jpg\",\"width\":1280,\"height\":1920,\"mime-type\":\"image\\\/jpeg\",\"filesize\":226744},\"xxl\":{\"file\":\"DSC04119-2-2699x4048.jpg\",\"width\":2699,\"height\":4048,\"mime-type\":\"image\\\/jpeg\",\"filesize\":780980},\"original\":{\"file\":\"DSC04119-2.jpg\",\"width\":4000,\"height\":6000}},\n\"alt\" : \"Sch\\u00f6ne Teller und Vasen stehen in einem schicken Raum mit Holzfu\\u00dfboden und viel Tageslicht.\",\n\"path\" : \"\\\/wp-content\\\/uploads\\\/2026\\\/01\\\/\",\n\"video\" : null,\n\"autoplay\" : null,\n\"youtube\" : null,\n\"youtubelabel\" : \"play\",\n\"brightness\" : 100,\n\"crop\" : null,\n\"background\" : false,\n\"scale\" : 1,\n\"zoom\" : false,\n\"annotations\" : null}<\/script>\n<div class=\"height-container \" style=\"padding-bottom:150%;   \">\n\t<div class=\"height-container-contents lazy-media-contents\">\n\t\n\t<div class=\"lazy-media-preview\" style=\"background-image: url('data:image\/jpeg;base64,\/9j\/4AAQSkZJRgABAQEAYABgAAD\/\/gA7Q1JFQVRPUjogZ2QtanBlZyB2MS4wICh1c2luZyBJSkcgSlBFRyB2NjIpLCBxdWFsaXR5ID0gOTAK\/9sAQwADAgIDAgIDAwMDBAMDBAUIBQUEBAUKBwcGCAwKDAwLCgsLDQ4SEA0OEQ4LCxAWEBETFBUVFQwPFxgWFBgSFBUU\/9sAQwEDBAQFBAUJBQUJFA0LDRQUFBQUFBQUFBQUFBQUFBQUFBQUFBQUFBQUFBQUFBQUFBQUFBQUFBQUFBQUFBQUFBQU\/8AAEQgAJAAYAwEiAAIRAQMRAf\/EAB8AAAEFAQEBAQEBAAAAAAAAAAABAgMEBQYHCAkKC\/\/EALUQAAIBAwMCBAMFBQQEAAABfQECAwAEEQUSITFBBhNRYQcicRQygZGhCCNCscEVUtHwJDNicoIJChYXGBkaJSYnKCkqNDU2Nzg5OkNERUZHSElKU1RVVldYWVpjZGVmZ2hpanN0dXZ3eHl6g4SFhoeIiYqSk5SVlpeYmZqio6Slpqeoqaqys7S1tre4ubrCw8TFxsfIycrS09TV1tfY2drh4uPk5ebn6Onq8fLz9PX29\/j5+v\/EAB8BAAMBAQEBAQEBAQEAAAAAAAABAgMEBQYHCAkKC\/\/EALURAAIBAgQEAwQHBQQEAAECdwABAgMRBAUhMQYSQVEHYXETIjKBCBRCkaGxwQkjM1LwFWJy0QoWJDThJfEXGBkaJicoKSo1Njc4OTpDREVGR0hJSlNUVVZXWFlaY2RlZmdoaWpzdHV2d3h5eoKDhIWGh4iJipKTlJWWl5iZmqKjpKWmp6ipqrKztLW2t7i5usLDxMXGx8jJytLT1NXW19jZ2uLj5OXm5+jp6vLz9PX29\/j5+v\/aAAwDAQACEQMRAD8A+iPD3w5F4F+UYNd7pvwXWZQSgxXC+N72++G+q\/ZLa9xtI4zkYNdn4Y+Ik11ZgzaltcAZGDXOpJvlN7NJO5c1D4PWlrETIVX6miuY8VfFjTYvNjkubiR1ODtQ4oqXOKLSfc8Y8f8AxZ0zxn4xuLqzQ7I51UwsckY6ivS\/CHxUttLF1NFpCXYkUOVJX5MV+cFt8V9Ct\/E0NzpE999plk5imOQ7HjpXouveLPHHhTw9Fqf2MQW7TALGH\/ePn29KxdRU5X5rN9C\/YurFWjdI+mPHfii48QQz6rbWptkllJEbY28mivL\/AAV8bZ\/Gfh5NO1GSHTpFxtt2h3Zx3zRXk1sS1NqUXfyTPToYTmheMlb1SPz1uLmS28SW0kbbWWZSCO3NfWXxM1C51DwNaNJO6soRwUOOcUUVpjtJ036muW\/DVXoeUaL471XTpvOjkjaVTjc65P8AOiiiqu7jaR\/\/2Q=='); background-position: 50% 50%; height: 100%; width: 100%;\"><\/div>\n\n\t\n<div class=\"lazy-media loaded\">\n\t<img decoding=\"async\" src=\"https:\/\/www.ikmweiden.de\/wp-content\/uploads\/2026\/01\/DSC04119-2-1280x1920.jpg\" srcset=\"https:\/\/www.ikmweiden.de\/wp-content\/uploads\/2026\/01\/DSC04119-2-1280x1920.jpg 1280w, https:\/\/www.ikmweiden.de\/wp-content\/uploads\/2026\/01\/DSC04119-2-200x300.jpg 200w, https:\/\/www.ikmweiden.de\/wp-content\/uploads\/2026\/01\/DSC04119-2-683x1024.jpg 683w, https:\/\/www.ikmweiden.de\/wp-content\/uploads\/2026\/01\/DSC04119-2-768x1152.jpg 768w, https:\/\/www.ikmweiden.de\/wp-content\/uploads\/2026\/01\/DSC04119-2-1024x1536.jpg 1024w, https:\/\/www.ikmweiden.de\/wp-content\/uploads\/2026\/01\/DSC04119-2-1365x2048.jpg 1365w, https:\/\/www.ikmweiden.de\/wp-content\/uploads\/2026\/01\/DSC04119-2-293x440.jpg 293w, https:\/\/www.ikmweiden.de\/wp-content\/uploads\/2026\/01\/DSC04119-2-387x580.jpg 387w, https:\/\/www.ikmweiden.de\/wp-content\/uploads\/2026\/01\/DSC04119-2-480x720.jpg 480w, https:\/\/www.ikmweiden.de\/wp-content\/uploads\/2026\/01\/DSC04119-2-853x1280.jpg 853w\" sizes=\"(max-width: 763px) 100vw, (min-width: 764px) and (max-width: 1023px) 58.333333333333vw, (min-width: 1024px) 58.333333333333vw\" alt=\"Sch\u00f6ne Teller und Vasen stehen in einem schicken Raum mit Holzfu\u00dfboden und viel Tageslicht.\" loading=\"lazy\" \/>\n<\/div>\t\t<\/div>\n<\/div>\n\n\n\n\n\n\t\t<figcaption class=\"\" id=\"media_lWvx7B\">\n\t\t\t<div class=\"figcaption-wrapper\">\n\t\t\t\t\t\t\t<div class=\"lazy-media-image-label\">Ausstellungsansicht &#8220;Porzellan verbindet&#8221;<\/div>\n\t\t\t\t\t\t\t\t\t\t<div class=\"lazy-media-image-description\">\u00a9 IKM Weiden <\/div>\n\t\t\t\t\t\t\t\t\t<\/div>\n\t\t<\/figcaption>\n\t\n<\/figure>\n\n\t\t<\/div>\n\n\n\n\n<div  class='col col-xs-12 col-md-6 col-md-offset-1'>\n\n<div  class='sizes-height-fill flex-align-center-left'>\n\n<div class=\"wp-block-ho-div\">\n\n<div  class='margin-bottom-4'>\n<h3  style=\"white-space: normal;\">Anmeldung zu Newsletter<\/h3>\n<\/div>\n\n\n\n\n<div  class='margin-bottom-4'>\t<p class='teaser-copy'>Bleiben Sie auf dem Laufenden \u00fcber neue Ausstellungen, Veranstaltungen und Angebote im Internationalen Keramik-Museum Weiden.<br>Unser Newsletter kommt h\u00f6chstens sechsmal im Jahr und ist einfach und klar.<\/p>\n<\/div>\n\n\n\n\n<div  class='margin-bottom-4'><div class=\"wp-block-ho-slot \"><div class=\"wp-block-ho-buttons wp-block-ho-buttons\">\n\t<div class=\"wp-block-ho-buttons-item\"><button aria-pressed=\"false\" class=\"ho-button is-tertiary has-outgoing-link-icon-left rm-open-popup\"><span class=\"ho-button-label \">Newsletter abonnieren<\/span><\/button><\/div>\n<\/div><\/div>\n<\/div>\n<\/div>\n<\/div>\n<\/div>\n<\/div>\n<\/div>\n<\/div>\n<\/div>\n<\/div>\n<\/div>\n<\/section>","protected":false},"excerpt":{"rendered":"<p>Das Keramik-Museum Weiden zeigt Keramik aus 7000 Jahren. Von sehr alten Kunstwerken bis zu neuer Keramik von heute.<br \/>\n6 gro\u00dfe Museen aus Bayern arbeiten hier zusammen. <\/p>\n","protected":false},"author":2,"featured_media":1261,"parent":0,"menu_order":0,"comment_status":"closed","ping_status":"closed","template":"","meta":{"_acf_changed":false,"ho_image_focal_point":"","footnotes":""},"class_list":["post-299","page","type-page","status-publish","has-post-thumbnail","hentry"],"acf":{"audio":"","video":"","poster":"","noindex":false,"keywords":"","seo_titel":""},"_links":{"self":[{"href":"https:\/\/www.ikmweiden.de\/ls\/wp-json\/wp\/v2\/pages\/299","targetHints":{"allow":["GET"]}}],"collection":[{"href":"https:\/\/www.ikmweiden.de\/ls\/wp-json\/wp\/v2\/pages"}],"about":[{"href":"https:\/\/www.ikmweiden.de\/ls\/wp-json\/wp\/v2\/types\/page"}],"author":[{"embeddable":true,"href":"https:\/\/www.ikmweiden.de\/ls\/wp-json\/wp\/v2\/users\/2"}],"replies":[{"embeddable":true,"href":"https:\/\/www.ikmweiden.de\/ls\/wp-json\/wp\/v2\/comments?post=299"}],"version-history":[{"count":18,"href":"https:\/\/www.ikmweiden.de\/ls\/wp-json\/wp\/v2\/pages\/299\/revisions"}],"predecessor-version":[{"id":2706,"href":"https:\/\/www.ikmweiden.de\/ls\/wp-json\/wp\/v2\/pages\/299\/revisions\/2706"}],"wp:featuredmedia":[{"embeddable":true,"href":"https:\/\/www.ikmweiden.de\/ls\/wp-json\/wp\/v2\/media\/1261"}],"wp:attachment":[{"href":"https:\/\/www.ikmweiden.de\/ls\/wp-json\/wp\/v2\/media?parent=299"}],"curies":[{"name":"wp","href":"https:\/\/api.w.org\/{rel}","templated":true}]}}