{"id":1135,"date":"2025-09-15T11:47:20","date_gmt":"2025-09-15T09:47:20","guid":{"rendered":"https:\/\/www.ikmweiden.de\/besuch-planen\/"},"modified":"2026-01-29T15:43:52","modified_gmt":"2026-01-29T14:43:52","slug":"besuch-planen","status":"publish","type":"page","link":"https:\/\/www.ikmweiden.de\/en\/besuch-planen\/","title":{"rendered":"Plan Your Visit"},"content":{"rendered":"<section class='wp-block-ho-pattern ' data-pattern='ho\/header-text'>\n\n<div  class='container-fluid margin-top-7 margin-bottom-4'>\n\n<div  class='row'>\n\n<div  class='col col-xs-12 col-md-6'>\n\n<div  class='margin-bottom-4'>\n<h1>Plan Your Visit<\/h1>\n<\/div>\n<\/div>\n<\/div>\n\n\n\n\n<div  class='row'>\n\n<div  class='col col-xs-12 col-md-6'>\n\n<div  class='margin-bottom-4'><div class=body-large>Everything you need to know about your visit<\/div><\/div>\n<\/div>\n<\/div>\n\n\n\n\n<div  class='row'>\n\n<div  class='col col-xs-12'><div class=\"wp-block-ho-slot \">\n<div class=\"accessibility-menu\">\n\t<div class=\"wp-block-ho-buttons\">\n\t\t\t\t<div class=\"wp-block-ho-buttons-item\">\n\t\t\t<a href=\"https:\/\/www.ikmweiden.de\/er\/besuch-planen\/\" class=\"ho-button is-senary button-no-hover icon-with-text-outside-left is-small \" aria-label=\"Easy-to-read\" rel=\"alternate\">\n\t\t\t\t<span class=\"ho-button-icon icon-leichtesprache\" aria-hidden=\"true\"><\/span>\n\t\t\t\t<span class=\"ho-button-label\">Easy-to-read<\/span>\n\t\t\t<\/a>\n\t\t<\/div>\n\t\t\n\t\t\n\n\t\t\t<\/div>\n<\/div>\n\n<\/div>\n<\/div>\n<\/div>\n<\/div>\n<\/section>\n\n<section class='wp-block-ho-pattern toggle-optional-headline show-optional-headline toggle-optional-button show-optional-button' data-pattern='ho\/infos-zum-besuch-home'>\n\n<div  class='container-fluid margin-bottom-7'>\n\n<div  class='row padding-bottom-2'>\n\n<div  class='col col-xs-12 padding-bottom-3'>\n\n<div  class='line-light-grey'><\/div>\n<\/div>\n\n\n\n\n<div  class='col col-xs-12 col-md-8'>\n<h3 class='h3' style=\"white-space: normal;\">Where?<\/h3>\n<\/div>\n<\/div>\n\n\n\n\n<div  class='row padding-bottom-4'>\n\n<div  class='col col-xs-12 padding-bottom-3 col-md-12'><ul class=\"wp-block wp-block-ho-grid row grid-infos-zum-besuch\">\n\t<li class=\"wp-block-ho-grid-item \">\n\t\t<p class='body'>Luitpoldstrasse 25, 92637 Weiden i.d.OPf.<\/p>\n<\/li><li class=\"wp-block-ho-grid-item \">\n\t\t<p class='body'><strong><a href=\"https:\/\/maps.app.goo.gl\/gD8PK9oFS4G8pvNc9\" data-type=\"link\" data-id=\"https:\/\/maps.app.goo.gl\/RMFzgDmLxkoorbNf9\" target=\"_blank\" rel=\"noreferrer noopener\"><a href=\"https:\/\/maps.app.goo.gl\/gD8PK9oFS4G8pvNc9\" data-type=\"link\" data-id=\"https:\/\/maps.app.goo.gl\/RMFzgDmLxkoorbNf9\" target=\"_blank\" rel=\"noreferrer noopener\">Show on Google Maps<\/a><\/a><\/strong><\/p>\n<\/li><\/ul><\/div>\n\n\n\n\n<div  class='col col-xs-12'>\n\n<div  class='line-light-grey'><\/div>\n<\/div>\n<\/div>\n\n\n\n\n<div  class='row padding-bottom-2'>\n\n<div  class='col col-xs-12 col-md-8'>\n<h3 class='h3' style=\"white-space: normal;\">When?<\/h3>\n<\/div>\n<\/div>\n\n\n\n\n<div  class='row padding-bottom-4'>\n\n<div  class='col col-xs-12 padding-bottom-3 col-md-12'><ul class=\"wp-block wp-block-ho-grid row grid-infos-zum-besuch\">\n\t<li class=\"wp-block-ho-grid-item \">\n\t\t<p class='body'><strong>Tuesday<\/strong> \u2013<strong> Sunday <\/strong>+<strong> Holidays <\/strong>11 am \u2013 5 pm<br><br>The museum is <strong>closed <\/strong>on the <strong>following days<\/strong>: every Monday, Rose Monday, Shrove Tuesday, Christmas Eve, Christmas Day, and New Year\u2019s Eve.<\/p>\n<\/li><li class=\"wp-block-ho-grid-item \">\n\t\t<p class='body'><\/p>\n<\/li><\/ul><\/div>\n\n\n\n\n<div  class='col col-xs-12 padding-bottom-3'>\n\n<div  class='line-light-grey'><\/div>\n<\/div>\n<\/div>\n\n\n\n\n<div  class='row ho-pattern-optional-button'>\n\n<div  class='col col-xs-12 col-md-8'>\n\n<div  class='wp-block-ho-buttons wp-block-ho-buttons'>\n<div class=\"wp-block-ho-buttons-item\">\n\t<a href=\"https:\/\/web5.deskline.net\/OBSEXP\/66bfb623-2b0e-4c7a-824b-540ef00bd09f\/de#\/erlebnisse\/BAY\/716980bb-f019-4532-bdd8-e150b9ce5d64\/eintritt-ins-internationale-keramikmuseum\"  target=\"\" role=\"button\" aria-pressed=\"false\" rel=\"nofollow\" class=\"ho-button is-tertiary has-outgoing-link-icon-left\">\n\t\t\t\t\t<span class=\"ho-button-icon icon-arrow-link\"><\/span>\n\t\t\t\t<span class=\"ho-button-label \">Buy your ticket<\/span>\n\t<\/a>\n<\/div>\n\n\n\n<div class=\"wp-block-ho-buttons-item\">\n\t<a href=\"https:\/\/www.ikmweiden.de\/besuch-planen\/\"  target=\"\" role=\"button\" aria-pressed=\"false\" rel=\"nofollow\" class=\"ho-button is-primary has-outgoing-link-icon-left\">\n\t\t\t\t\t<span class=\"ho-button-icon icon-arrow-link\"><\/span>\n\t\t\t\t<span class=\"ho-button-label \">Plan your visit<\/span>\n\t<\/a>\n<\/div>\n<\/div>\n<\/div>\n<\/div>\n<\/div>\n<\/section>\n\n<section class='wp-block-ho-pattern ' data-pattern='ho\/bild-links'>\n\n<div  class='container-fluid margin-bottom-7'>\n\n<div  class='row'>\n\n<div  class='col col-xs-8 col-md-6'><figure itemscope itemtype=\"http:\/\/schema.org\/ImageObject\" class=\"lazy-media-inline \" role=\"group\" aria-describedby=\"media_CNJlAh\">\n<script type=\"application\/json\">{\n\"id\" : 680,\n\"sizes\" : {\"medium\":{\"file\":\"FY303942-Verbessert-RR-300x200.jpg\",\"width\":300,\"height\":200,\"mime-type\":\"image\\\/jpeg\",\"filesize\":13664},\"large\":{\"file\":\"FY303942-Verbessert-RR-1024x683.jpg\",\"width\":1024,\"height\":683,\"mime-type\":\"image\\\/jpeg\",\"filesize\":100094},\"medium_large\":{\"file\":\"FY303942-Verbessert-RR-768x512.jpg\",\"width\":768,\"height\":512,\"mime-type\":\"image\\\/jpeg\",\"filesize\":61458},\"1536x1536\":{\"file\":\"FY303942-Verbessert-RR-1536x1024.jpg\",\"width\":1536,\"height\":1024,\"mime-type\":\"image\\\/jpeg\",\"filesize\":202558},\"2048x2048\":{\"file\":\"FY303942-Verbessert-RR-2048x1365.jpg\",\"width\":2048,\"height\":1365,\"mime-type\":\"image\\\/jpeg\",\"filesize\":343482},\"small\":{\"file\":\"FY303942-Verbessert-RR-440x293.jpg\",\"width\":440,\"height\":293,\"mime-type\":\"image\\\/jpeg\",\"filesize\":25094},\"semi\":{\"file\":\"FY303942-Verbessert-RR-580x387.jpg\",\"width\":580,\"height\":387,\"mime-type\":\"image\\\/jpeg\",\"filesize\":39592},\"mobile\":{\"file\":\"FY303942-Verbessert-RR-720x480.jpg\",\"width\":720,\"height\":480,\"mime-type\":\"image\\\/jpeg\",\"filesize\":55298},\"hd\":{\"file\":\"FY303942-Verbessert-RR-1280x853.jpg\",\"width\":1280,\"height\":853,\"mime-type\":\"image\\\/jpeg\",\"filesize\":146928},\"full\":{\"file\":\"FY303942-Verbessert-RR-1920x1280.jpg\",\"width\":1920,\"height\":1280,\"mime-type\":\"image\\\/jpeg\",\"filesize\":304637},\"xxl\":{\"file\":\"FY303942-Verbessert-RR-4048x2698.jpg\",\"width\":4048,\"height\":2698,\"mime-type\":\"image\\\/jpeg\",\"filesize\":1164133},\"original\":{\"file\":\"FY303942-Verbessert-RR.jpg\",\"width\":5846,\"height\":3897}},\n\"alt\" : \"A young woman in a wheelchair examines ancient artifacts in a museum with a companion.\",\n\"path\" : \"\\\/wp-content\\\/uploads\\\/2025\\\/10\\\/\",\n\"video\" : null,\n\"autoplay\" : null,\n\"youtube\" : null,\n\"youtubelabel\" : \"play\",\n\"brightness\" : 100,\n\"crop\" : null,\n\"background\" : false,\n\"scale\" : 1,\n\"zoom\" : false,\n\"annotations\" : null}<\/script>\n<div class=\"height-container \" style=\"padding-bottom:66.660964762231%;   \">\n\t<div class=\"height-container-contents lazy-media-contents\">\n\t\n\t<div class=\"lazy-media-preview\" style=\"background-image: url('data:image\/jpeg;base64,\/9j\/4AAQSkZJRgABAQEAYABgAAD\/\/gA7Q1JFQVRPUjogZ2QtanBlZyB2MS4wICh1c2luZyBJSkcgSlBFRyB2NjIpLCBxdWFsaXR5ID0gOTAK\/9sAQwADAgIDAgIDAwMDBAMDBAUIBQUEBAUKBwcGCAwKDAwLCgsLDQ4SEA0OEQ4LCxAWEBETFBUVFQwPFxgWFBgSFBUU\/9sAQwEDBAQFBAUJBQUJFA0LDRQUFBQUFBQUFBQUFBQUFBQUFBQUFBQUFBQUFBQUFBQUFBQUFBQUFBQUFBQUFBQUFBQU\/8AAEQgADwAYAwEiAAIRAQMRAf\/EAB8AAAEFAQEBAQEBAAAAAAAAAAABAgMEBQYHCAkKC\/\/EALUQAAIBAwMCBAMFBQQEAAABfQECAwAEEQUSITFBBhNRYQcicRQygZGhCCNCscEVUtHwJDNicoIJChYXGBkaJSYnKCkqNDU2Nzg5OkNERUZHSElKU1RVVldYWVpjZGVmZ2hpanN0dXZ3eHl6g4SFhoeIiYqSk5SVlpeYmZqio6Slpqeoqaqys7S1tre4ubrCw8TFxsfIycrS09TV1tfY2drh4uPk5ebn6Onq8fLz9PX29\/j5+v\/EAB8BAAMBAQEBAQEBAQEAAAAAAAABAgMEBQYHCAkKC\/\/EALURAAIBAgQEAwQHBQQEAAECdwABAgMRBAUhMQYSQVEHYXETIjKBCBRCkaGxwQkjM1LwFWJy0QoWJDThJfEXGBkaJicoKSo1Njc4OTpDREVGR0hJSlNUVVZXWFlaY2RlZmdoaWpzdHV2d3h5eoKDhIWGh4iJipKTlJWWl5iZmqKjpKWmp6ipqrKztLW2t7i5usLDxMXGx8jJytLT1NXW19jZ2uLj5OXm5+jp6vLz9PX29\/j5+v\/aAAwDAQACEQMRAD8A9X0r4qXVzp+oFL4WZTLpE7g5HoK85vPijd+JNfsNJlliuHmy7sOPKx61c074cpL500o83gkbnwM\/Sub8G\/Ce+0zxlPqzNFdRsGAt3chcHpj0r5OrmmHpKMartp16n0FLA1pXcFf06Hq+hfF288N6ZcWcUq+VnGR1+tFZMXhOG7edby0itUH3UiYtk+pNFeZUz+NN8sU2jthlc5K8tz\/\/2Q=='); background-position: 50% 50%; height: 100%; width: 100%;\"><\/div>\n\n\t\n<div class=\"lazy-media loaded\">\n\t<img decoding=\"async\" src=\"https:\/\/www.ikmweiden.de\/wp-content\/uploads\/2025\/10\/FY303942-Verbessert-RR-1920x1280.jpg\" srcset=\"https:\/\/www.ikmweiden.de\/wp-content\/uploads\/2025\/10\/FY303942-Verbessert-RR-1920x1280.jpg 1920w, https:\/\/www.ikmweiden.de\/wp-content\/uploads\/2025\/10\/FY303942-Verbessert-RR-300x200.jpg 300w, https:\/\/www.ikmweiden.de\/wp-content\/uploads\/2025\/10\/FY303942-Verbessert-RR-1024x683.jpg 1024w, https:\/\/www.ikmweiden.de\/wp-content\/uploads\/2025\/10\/FY303942-Verbessert-RR-768x512.jpg 768w, https:\/\/www.ikmweiden.de\/wp-content\/uploads\/2025\/10\/FY303942-Verbessert-RR-1536x1024.jpg 1536w, https:\/\/www.ikmweiden.de\/wp-content\/uploads\/2025\/10\/FY303942-Verbessert-RR-2048x1365.jpg 2048w, https:\/\/www.ikmweiden.de\/wp-content\/uploads\/2025\/10\/FY303942-Verbessert-RR-440x293.jpg 440w, https:\/\/www.ikmweiden.de\/wp-content\/uploads\/2025\/10\/FY303942-Verbessert-RR-580x387.jpg 580w, https:\/\/www.ikmweiden.de\/wp-content\/uploads\/2025\/10\/FY303942-Verbessert-RR-720x480.jpg 720w, https:\/\/www.ikmweiden.de\/wp-content\/uploads\/2025\/10\/FY303942-Verbessert-RR-1280x853.jpg 1280w\" sizes=\"(max-width: 763px) 100vw, (qmin-width: 764px) and (max-width: 1023px) 100vw, (min-width: 1024px) 100vw\" alt=\"A young woman in a wheelchair examines ancient artifacts in a museum with a companion.\" loading=\"lazy\" \/>\n<\/div>\t\t<\/div>\n<\/div>\n\n\n\n\n\n\t\t<figcaption class=\"image_copyright_only\" id=\"media_CNJlAh\">\n\t\t\t<div class=\"figcaption-wrapper\">\n\t\t\t\t\t\t\t\t\t\t<div class=\"lazy-media-image-description\">\u00a9 Tourist-Information Stadt Weiden i.d.OPf. \u2013 Lukas Frey <\/div>\n\t\t\t\t\t\t\t\t\t<\/div>\n\t\t<\/figcaption>\n\t\n<\/figure>\n\n\t\t<\/div>\n<\/div>\n<\/div>\n<\/section>\n\n<section class='wp-block-ho-pattern ' data-pattern='ho\/uberschrift-mit-text'>\n\n<div  class='container-fluid margin-bottom-7'>\n\n<div  class='row padding-bottom-4'>\n\n<div  class='col col-xs-12 col-md-8'>\n<h2 class='h2' style=\"white-space: normal;\">Building accessibility<\/h2>\n<\/div>\n<\/div>\n\n\n\n\n<div  class='row'>\n\n<div  class='col col-xs-12 col-md-8'>\t<p class='body'>The museum has an elevator, allowing access to most parts of the exhibition. Two rooms have limited ac-cessibility. An accessible toilet is available.<\/p>\n<\/div>\n<\/div>\n<\/div>\n<\/section>\n\n<section class='wp-block-ho-pattern ' data-pattern='ho\/akkordeon-auf-grauem-hintergrund'>\n\n<div  class='margin-bottom-7'><div class=\"structure-content-color\" style=\"--content-color-foreground: #000000;--content-color-background: #EEEEEE;color: #000000;background: #EEEEEE;\">\n<div class='structure-content-color-content'>\n\n<div  class='container-fluid padding-bottom-7'>\n\n<div  class='row padding-top-5 padding-bottom-5'>\n\n<div  class='col col-xs-12'>\n<h2 class='h2' style=\"white-space: normal;\">Questions and answers<\/h2>\n<\/div>\n<\/div>\n\n\n\n\n<div  class='row'>\n\n<div  class='col col-xs-12'>\n<accordion inline-template>\n\t<div class=\"accordion block-accordion\" role=\"tablist\">\n\t\t<accordion-item inline-template >\t<div ref=\"item\" data-id=\"Prices\" class=\"block-accordion-item vue-initialize\" :class=\"{'block-accordion-item-open': active}\">\n\t\t<button class=\"block-accordion-item-head\" tabindex=\"0\" :class=\"{'button-active': active}\" ref=\"head\" aria-controls=\"acc_69f375487a512\" id=\"acc_title_69f375487a513\" @click=\"toggle\" @keydown=\"key\" aria-expanded=\"false\" :aria-expanded=\"active ? 'true' : 'false'\">\n\t\t\t<span class=\"button-icon icon-open\" aria-hidden=\"true\"><\/span>\n\t\t\t<span class=\"button-label body-bold\">Prices<\/span>\n\t\t<\/button>\n\t\t<div ref=\"body\" class=\"block-accordion-item-content\" id=\"acc_69f375487a512\" role=\"region\" aria-labelledby=\"acc_title_69f375487a513\">\n\t\t\t<div class=\"wrapper\"><p class=\"copy\">Adults: \u20ac4<br>Concessionary: \u20ac3<br>Children \/ young people: \u20ac2<br>Children up to 6 years: free<br><br>Admission to exhibition openings is free.<br>Private group tours cost \u20ac45 plus admission.<\/p><\/div>\n\t\t<\/div>\n\t<\/div>\n\t<\/accordion-item>\n<accordion-item inline-template >\t<div ref=\"item\" data-id=\"CanIpaybycard\" class=\"block-accordion-item vue-initialize\" :class=\"{'block-accordion-item-open': active}\">\n\t\t<button class=\"block-accordion-item-head\" tabindex=\"0\" :class=\"{'button-active': active}\" ref=\"head\" aria-controls=\"acc_69f375487a581\" id=\"acc_title_69f375487a582\" @click=\"toggle\" @keydown=\"key\" aria-expanded=\"false\" :aria-expanded=\"active ? 'true' : 'false'\">\n\t\t\t<span class=\"button-icon icon-open\" aria-hidden=\"true\"><\/span>\n\t\t\t<span class=\"button-label body-bold\">Can I pay by card?<\/span>\n\t\t<\/button>\n\t\t<div ref=\"body\" class=\"block-accordion-item-content\" id=\"acc_69f375487a581\" role=\"region\" aria-labelledby=\"acc_title_69f375487a582\">\n\t\t\t<div class=\"wrapper\"><p class=\"copy\">Yes, we accept all the usual card types.<\/p><\/div>\n\t\t<\/div>\n\t<\/div>\n\t<\/accordion-item>\n<accordion-item inline-template >\t<div ref=\"item\" data-id=\"Openinghours\" class=\"block-accordion-item vue-initialize\" :class=\"{'block-accordion-item-open': active}\">\n\t\t<button class=\"block-accordion-item-head\" tabindex=\"0\" :class=\"{'button-active': active}\" ref=\"head\" aria-controls=\"acc_69f375487a5f4\" id=\"acc_title_69f375487a5f5\" @click=\"toggle\" @keydown=\"key\" aria-expanded=\"false\" :aria-expanded=\"active ? 'true' : 'false'\">\n\t\t\t<span class=\"button-icon icon-open\" aria-hidden=\"true\"><\/span>\n\t\t\t<span class=\"button-label body-bold\">Opening hours<\/span>\n\t\t<\/button>\n\t\t<div ref=\"body\" class=\"block-accordion-item-content\" id=\"acc_69f375487a5f4\" role=\"region\" aria-labelledby=\"acc_title_69f375487a5f5\">\n\t\t\t<div class=\"wrapper\"><p class=\"copy\">Tuesday to Sunday: 11 a.m. to 5 p.m. <br>Closed on Mondays.<br><br><br>The museum is open on the following public holidays from 11 a.m. to 5 p.m.:<br>New Year\u2019s Day, Epiphany, Holy Saturday, Easter Sunday, Easter Monday, May Day, Ascension Day, Whit Sunday, Whit Monday, Corpus Christi, German Unity Day, All Saints\u2019 Day, Boxing Day.<br>The museum is closed on the following days:<br>Shrove Monday, Shrove Tuesday, Christmas Eve, Christmas Day, New Year\u2019s Eve.<\/p><\/div>\n\t\t<\/div>\n\t<\/div>\n\t<\/accordion-item>\n<accordion-item inline-template >\t<div ref=\"item\" data-id=\"HowmuchtimeshouldIplanformyvisit\" class=\"block-accordion-item vue-initialize\" :class=\"{'block-accordion-item-open': active}\">\n\t\t<button class=\"block-accordion-item-head\" tabindex=\"0\" :class=\"{'button-active': active}\" ref=\"head\" aria-controls=\"acc_69f375487a682\" id=\"acc_title_69f375487a683\" @click=\"toggle\" @keydown=\"key\" aria-expanded=\"false\" :aria-expanded=\"active ? 'true' : 'false'\">\n\t\t\t<span class=\"button-icon icon-open\" aria-hidden=\"true\"><\/span>\n\t\t\t<span class=\"button-label body-bold\">How much time should I plan for my visit?<\/span>\n\t\t<\/button>\n\t\t<div ref=\"body\" class=\"block-accordion-item-content\" id=\"acc_69f375487a682\" role=\"region\" aria-labelledby=\"acc_title_69f375487a683\">\n\t\t\t<div class=\"wrapper\"><p class=\"copy\">To enjoy the entire museum, you should plan on about 1 \u00bd &#8211; 2 hours.<\/p><\/div>\n\t\t<\/div>\n\t<\/div>\n\t<\/accordion-item>\n<accordion-item inline-template >\t<div ref=\"item\" data-id=\"Gettinghere\" class=\"block-accordion-item vue-initialize\" :class=\"{'block-accordion-item-open': active}\">\n\t\t<button class=\"block-accordion-item-head\" tabindex=\"0\" :class=\"{'button-active': active}\" ref=\"head\" aria-controls=\"acc_69f375487a70b\" id=\"acc_title_69f375487a70c\" @click=\"toggle\" @keydown=\"key\" aria-expanded=\"false\" :aria-expanded=\"active ? 'true' : 'false'\">\n\t\t\t<span class=\"button-icon icon-open\" aria-hidden=\"true\"><\/span>\n\t\t\t<span class=\"button-label body-bold\">Getting here<\/span>\n\t\t<\/button>\n\t\t<div ref=\"body\" class=\"block-accordion-item-content\" id=\"acc_69f375487a70b\" role=\"region\" aria-labelledby=\"acc_title_69f375487a70c\">\n\t\t\t<div class=\"wrapper\"><p class=\"copy\">The IKM Weiden is just a few minutes\u2019 walk from Weiden\u2019s old town. Cars can be parked close to the museum and the old town in the various multistorey carparks or on parking spaces.<br>You can reach us by public transport from the following stops:<br><br>Maria-Seltmann-Haus (No. 1901 bus)<br>Justizgeb\u00e4ude\/Klinikum (No. 1843, 1845, 1951 buses, and buses 6272 and 6295)<br>Josefskirche (Buses 2503, 6285, and 6291)<br>From Weiden train station you can reach us by public transport or on foot.<\/p><\/div>\n\t\t<\/div>\n\t<\/div>\n\t<\/accordion-item>\n<accordion-item inline-template >\t<div ref=\"item\" data-id=\"Cloakroom\" class=\"block-accordion-item vue-initialize\" :class=\"{'block-accordion-item-open': active}\">\n\t\t<button class=\"block-accordion-item-head\" tabindex=\"0\" :class=\"{'button-active': active}\" ref=\"head\" aria-controls=\"acc_69f375487a77b\" id=\"acc_title_69f375487a77c\" @click=\"toggle\" @keydown=\"key\" aria-expanded=\"false\" :aria-expanded=\"active ? 'true' : 'false'\">\n\t\t\t<span class=\"button-icon icon-open\" aria-hidden=\"true\"><\/span>\n\t\t\t<span class=\"button-label body-bold\">Cloakroom <\/span>\n\t\t<\/button>\n\t\t<div ref=\"body\" class=\"block-accordion-item-content\" id=\"acc_69f375487a77b\" role=\"region\" aria-labelledby=\"acc_title_69f375487a77c\">\n\t\t\t<div class=\"wrapper\"><p class=\"copy\">We kindly ask you to leave bags and backpacks in the cloakroom at the ticket desk during your visit. We cannot accept liability. For safety reasons, bags larger than approx. 20 \u00d7 30 cm, suitcases, bulky objects, umbrellas, and rain capes may not be taken into the exhibition rooms. In cases of doubt, please respect the ticket or museum wardens\u2019 decision.<\/p><\/div>\n\t\t<\/div>\n\t<\/div>\n\t<\/accordion-item>\n<accordion-item inline-template >\t<div ref=\"item\" data-id=\"MayItakephotographsinthemuseum\" class=\"block-accordion-item vue-initialize\" :class=\"{'block-accordion-item-open': active}\">\n\t\t<button class=\"block-accordion-item-head\" tabindex=\"0\" :class=\"{'button-active': active}\" ref=\"head\" aria-controls=\"acc_69f375487a7e7\" id=\"acc_title_69f375487a7e8\" @click=\"toggle\" @keydown=\"key\" aria-expanded=\"false\" :aria-expanded=\"active ? 'true' : 'false'\">\n\t\t\t<span class=\"button-icon icon-open\" aria-hidden=\"true\"><\/span>\n\t\t\t<span class=\"button-label body-bold\">May I take photographs in the museum?<\/span>\n\t\t<\/button>\n\t\t<div ref=\"body\" class=\"block-accordion-item-content\" id=\"acc_69f375487a7e7\" role=\"region\" aria-labelledby=\"acc_title_69f375487a7e8\">\n\t\t\t<div class=\"wrapper\"><p class=\"copy\">Photography, filming and audio recordings in and of the IKM Weiden are permitted only for personal, non-commercial use; camera and smartphone flash functions must be turned off; equipment such as tripods, lightboxes, etc, may not be used. For all other purposes, you must have advance registration and written approval for any planned photographic, film, or audio recordings.<\/p><\/div>\n\t\t<\/div>\n\t<\/div>\n\t<\/accordion-item>\n<accordion-item inline-template >\t<div ref=\"item\" data-id=\"Arethereseatingoptionsinthemuseum\" class=\"block-accordion-item vue-initialize\" :class=\"{'block-accordion-item-open': active}\">\n\t\t<button class=\"block-accordion-item-head\" tabindex=\"0\" :class=\"{'button-active': active}\" ref=\"head\" aria-controls=\"acc_69f375487a853\" id=\"acc_title_69f375487a854\" @click=\"toggle\" @keydown=\"key\" aria-expanded=\"false\" :aria-expanded=\"active ? 'true' : 'false'\">\n\t\t\t<span class=\"button-icon icon-open\" aria-hidden=\"true\"><\/span>\n\t\t\t<span class=\"button-label body-bold\">Are there seating options in the museum?<\/span>\n\t\t<\/button>\n\t\t<div ref=\"body\" class=\"block-accordion-item-content\" id=\"acc_69f375487a853\" role=\"region\" aria-labelledby=\"acc_title_69f375487a854\">\n\t\t\t<div class=\"wrapper\"><p class=\"copy\">There are benches and stools in the exhibition rooms. Mobile folding stools are also available if required.<\/p><\/div>\n\t\t<\/div>\n\t<\/div>\n\t<\/accordion-item>\n<accordion-item inline-template >\t<div ref=\"item\" data-id=\"Isthereacafinthemuseum\" class=\"block-accordion-item vue-initialize\" :class=\"{'block-accordion-item-open': active}\">\n\t\t<button class=\"block-accordion-item-head\" tabindex=\"0\" :class=\"{'button-active': active}\" ref=\"head\" aria-controls=\"acc_69f375487a8c3\" id=\"acc_title_69f375487a8c4\" @click=\"toggle\" @keydown=\"key\" aria-expanded=\"false\" :aria-expanded=\"active ? 'true' : 'false'\">\n\t\t\t<span class=\"button-icon icon-open\" aria-hidden=\"true\"><\/span>\n\t\t\t<span class=\"button-label body-bold\">Is there a caf\u00e9 in the museum?<\/span>\n\t\t<\/button>\n\t\t<div ref=\"body\" class=\"block-accordion-item-content\" id=\"acc_69f375487a8c3\" role=\"region\" aria-labelledby=\"acc_title_69f375487a8c4\">\n\t\t\t<div class=\"wrapper\"><p class=\"copy\">No, but the <a href=\"https:\/\/www.regionalbibliothek-weiden.de\/unser-lesecafe\/\">Reading Caf\u00e9 of the Weiden Regional Library<\/a> is located in the same building. Moreover, there are caf\u00e9s and restaurants in Weiden\u2019s old town, and they are es-pecially frequented on Saturday afternoons and Sundays.<\/p><\/div>\n\t\t<\/div>\n\t<\/div>\n\t<\/accordion-item>\n<accordion-item inline-template >\t<div ref=\"item\" data-id=\"CanIbringmydogtothemuseum\" class=\"block-accordion-item vue-initialize\" :class=\"{'block-accordion-item-open': active}\">\n\t\t<button class=\"block-accordion-item-head\" tabindex=\"0\" :class=\"{'button-active': active}\" ref=\"head\" aria-controls=\"acc_69f375487a93d\" id=\"acc_title_69f375487a93e\" @click=\"toggle\" @keydown=\"key\" aria-expanded=\"false\" :aria-expanded=\"active ? 'true' : 'false'\">\n\t\t\t<span class=\"button-icon icon-open\" aria-hidden=\"true\"><\/span>\n\t\t\t<span class=\"button-label body-bold\">Can I bring my dog to the museum?<\/span>\n\t\t<\/button>\n\t\t<div ref=\"body\" class=\"block-accordion-item-content\" id=\"acc_69f375487a93d\" role=\"region\" aria-labelledby=\"acc_title_69f375487a93e\">\n\t\t\t<div class=\"wrapper\"><p class=\"copy\">Dogs and other animals are unfortunately not allowed in the museum. Assistance dogs are of course permitted. Please inform the staff at the ticket desk.<\/p><\/div>\n\t\t<\/div>\n\t<\/div>\n\t<\/accordion-item>\n\t<\/div>\n<\/accordion>\n<\/div>\n<\/div>\n<\/div>\n<\/div>\n<\/div>\n<\/div>\n<\/section>","protected":false},"excerpt":{"rendered":"<p>Everything you need to know about your visit<\/p>\n","protected":false},"author":2,"featured_media":685,"parent":0,"menu_order":0,"comment_status":"closed","ping_status":"closed","template":"","meta":{"_acf_changed":false,"ho_image_focal_point":"","footnotes":""},"class_list":["post-1135","page","type-page","status-publish","has-post-thumbnail","hentry"],"acf":{"audio":"","video":"","poster":"","noindex":false,"keywords":"adresse, \u00f6ffnungszeiten, anfahrt, parken, \u00f6ffentliche verkehrsmittel, \u00f6pnv","seo_titel":""},"_links":{"self":[{"href":"https:\/\/www.ikmweiden.de\/en\/wp-json\/wp\/v2\/pages\/1135","targetHints":{"allow":["GET"]}}],"collection":[{"href":"https:\/\/www.ikmweiden.de\/en\/wp-json\/wp\/v2\/pages"}],"about":[{"href":"https:\/\/www.ikmweiden.de\/en\/wp-json\/wp\/v2\/types\/page"}],"author":[{"embeddable":true,"href":"https:\/\/www.ikmweiden.de\/en\/wp-json\/wp\/v2\/users\/2"}],"replies":[{"embeddable":true,"href":"https:\/\/www.ikmweiden.de\/en\/wp-json\/wp\/v2\/comments?post=1135"}],"version-history":[{"count":9,"href":"https:\/\/www.ikmweiden.de\/en\/wp-json\/wp\/v2\/pages\/1135\/revisions"}],"predecessor-version":[{"id":2428,"href":"https:\/\/www.ikmweiden.de\/en\/wp-json\/wp\/v2\/pages\/1135\/revisions\/2428"}],"wp:featuredmedia":[{"embeddable":true,"href":"https:\/\/www.ikmweiden.de\/en\/wp-json\/wp\/v2\/media\/685"}],"wp:attachment":[{"href":"https:\/\/www.ikmweiden.de\/en\/wp-json\/wp\/v2\/media?parent=1135"}],"curies":[{"name":"wp","href":"https:\/\/api.w.org\/{rel}","templated":true}]}}